{"id":31571,"date":"2024-03-13T14:40:48","date_gmt":"2024-03-13T14:40:48","guid":{"rendered":"https:\/\/www.espaigirones.com\/events\/celebra-el-dia-del-pare-a-lespai-girones\/"},"modified":"2024-04-05T13:48:06","modified_gmt":"2024-04-05T13:48:06","slug":"celebra-el-dia-del-pare-a-lespai-girones","status":"publish","type":"events","link":"https:\/\/www.espaigirones.com\/en\/events\/celebra-el-dia-del-pare-a-lespai-girones\/","title":{"rendered":"Celebrate Father\u2019s Day at Espai Giron\u00e8s!"},"content":{"rendered":"<p style=\"text-align: center;\"><strong>BASES DE LA PROMOCI\u00d3N DE MARZO 2024<\/strong><\/p>\n<p style=\"text-align: center;\">La Promoci\u00f3n \u201cDia del Pare\u201d est\u00e1 organizada por la sociedad <strong>COMMERZ REAL INVESTMENTGESELLSCHAFT MBH, SUCURSAL EN ESPA\u00d1A<\/strong>, con C.I.F. W-0042481B y domicilio social en Salt (Girona), Cam\u00ed dels Carlins,10, propietaria del Centro Comercial \u201cEspai Giron\u00e9s\u201d, sito en el Cam\u00ed dels Carlins, 17190 Salt (Girona) (en adelante, el \u201c<strong>Centro Comercial<\/strong>\u201d), y se desarrollar\u00e1 de conformidad con lo establecido en las siguientes<\/p>\n<p style=\"text-align: center;\"><strong>BASES<\/strong><\/p>\n<p><strong><u>1.Finalidad de la promoci\u00f3n<\/u><\/strong><\/p>\n<p>La presente promoci\u00f3n tiene por objeto la entrega de 50 packs Nivea Men de Druni a las primeras 50 personas que se acerquen al Punto de Informaci\u00f3n el d\u00eda 19 de marzo de 2024. Podr\u00e1n participar aquellos clientes que presenten tickets de compra \u00fanicos por un importe igual o superior a 20\u20ac. <u>Hasta agotar existencias.<\/u><\/p>\n<p><strong><u>2. Duraci\u00f3n de la promoci\u00f3n<\/u><\/strong><\/p>\n<p>La promoci\u00f3n se realizar\u00e1 exclusivamente el d\u00eda 19 de marzo de 2024.<\/p>\n<p><strong><u>3.Premios<\/u><\/strong><\/p>\n<p>Los premios (50 packs Nivea Men de Druni) se entregar\u00e1n directamente desde el Punto de Informaci\u00f3n del centro comercial <u>hasta agotar existencias<\/u>. Dicho Punto de Informaci\u00f3n est\u00e1 ubicado en la planta baja.<\/p>\n<p>Cada uno de los packs se entregar\u00e1 des del Punto de Informaci\u00f3n bajo los siguientes requisitos:<\/p>\n<ul>\n<li>Los packs se entregar\u00e1n a las primeras 50 personas que se acerquen al Punto de Informaci\u00f3n cumpliendo con las condiciones de la promoci\u00f3n<\/li>\n<li>Pack disponible solo el 19 de marzo de 2024<\/li>\n<li>Solo se entregar\u00e1 un pack por persona, independientemente de los tickets que presente<\/li>\n<li>No acumulable a otras ofertas y\/o promociones<\/li>\n<li>No se podr\u00e1 cambiar por su valor en efectivo<\/li>\n<\/ul>\n<p>En ning\u00fan caso el Centro Comercial sustituir\u00e1 el premio, a petici\u00f3n del ganador, por dinero en efectivo o por otro regalo diferente al previsto.<\/p>\n<p>El Centro Comercial se reserva el derecho a sustituir el premio por otro de igual valor en el caso que por causa de fuerza mayor \u00e9ste no pudiera ser entregado.<\/p>\n<p><strong><u>4.\u00c1mbito geogr\u00e1fico<\/u><\/strong><\/p>\n<p>La promoci\u00f3n tendr\u00e1 \u00e1mbito local.<\/p>\n<p><strong><u>5.\u00c1mbito personal<\/u><\/strong><\/p>\n<p>Tendr\u00e1n derecho a participar en la presente promoci\u00f3n todos los clientes y visitantes del Centro Comercial mayores de 18 a\u00f1os, quedando excluida completamente la participaci\u00f3n de trabajadores del Centro Comercial y menores.<\/p>\n<p><strong><u>6.Funcionamiento de la promoci\u00f3n<\/u><\/strong><\/p>\n<p>La participaci\u00f3n en la promoci\u00f3n se realizar\u00e1 mediante la presentaci\u00f3n de tickets \u00fanicos correspondientes a las compras realizadas en el Centro Comercial el d\u00eda 19 de marzo de 2024, junto a los productos comprados. Dichos tickets tendr\u00e1n que ser presentados en el Punto de Informaci\u00f3n del Centro Comercial que se halla situado en la planta baja y deber\u00e1n corresponder al mismo d\u00eda de la promoci\u00f3n, esto es, el 19 de marzo de 2024. En ning\u00fan caso se aceptar\u00e1n tickets sin mostrar el producto comprado.<\/p>\n<p>Por un ticket \u00fanico de un valor m\u00ednimo de 20\u20ac presentado en el punto de informaci\u00f3n, <u>acompa\u00f1ado con el producto comprado en el Centro Comercial<\/u>, se entregar\u00e1n un pack Nivea Men de Druni consistente en: gel limpiador facial Sensitive, crema de Nivea Men, b\u00e1lsamo After Shave Sensitive y desodorante Spray Black &amp; White Invisible.<\/p>\n<p>Todos los tickets presentados para participar en la promoci\u00f3n se guardar\u00e1n en el Punto de Informaci\u00f3n y no ser\u00e1n devueltos a los participantes de la promoci\u00f3n, quedando invalidados para su reutilizaci\u00f3n. En el caso de los tickets online, estos deber\u00e1n ser enviados al correo facilitado por las azafatas del Punto de Informaci\u00f3n. No facilitar el ticket o tickets a la azafata supondr\u00e1 la anulaci\u00f3n de la participaci\u00f3n en la promoci\u00f3n.<\/p>\n<p><strong>No se entregar\u00e1 m\u00e1s de un pack por persona<\/strong>, independientemente de los tickets que presente. Por lo tanto, cada persona puede presentarse en el Punto de Informaci\u00f3n <strong>una sola vez<\/strong> con un ticket \u00fanico de compra de un m\u00ednimo de 20 euros, mostrando el producto comprado en el Centro Comercial.<\/p>\n<p>Los tickets de compra deben corresponder a compras realizadas en tiendas o establecimientos abiertos al p\u00fablico del Centro Comercial el mismo d\u00eda de la promoci\u00f3n, esto es, <u>el 19 de marzo de 2024<\/u>. Quedan excluidas de la promoci\u00f3n las compras realizadas en el establecimiento de Loter\u00edas. Los tickets de restauraci\u00f3n deber\u00e1n ser sellados por el establecimiento en cuesti\u00f3n para poder ser aceptados en la promoci\u00f3n.<\/p>\n<p>No se aceptar\u00e1n, en ning\u00fan caso, tickets defectuosos en los que no se pueda leer la fecha de compra o cualquier otro dato relevante. Tampoco los que presenten signos evidentes de haber sido manipulados, cogidos de la basura, o en mal estado. Si la compra ha sido efectuada con tarjeta deber\u00e1 acompa\u00f1arse, junto con el ticket, el correspondiente resguardo bancario. La azafata tiene total criterio de no dar el regalo en el caso que el ticket no cumpla los requisitos constatados anteriormente.<\/p>\n<p>Para participar en la promoci\u00f3n los clientes deber\u00e1n seguir el siguiente procedimiento:<\/p>\n<ul>\n<li>presentar los tickets de compra a la azafata del Punto de Informaci\u00f3n;<\/li>\n<li>la azafata comprobar\u00e1 que las compras corresponden a tiendas del Centro Comercial, que se han realizado el mismo d\u00eda de la promoci\u00f3n, que no corresponden a compras efectuadas en el establecimiento de Loter\u00edas y que el importe m\u00ednimo de los tickets es superior a 20 euros, y comprobar\u00e1 que lleven los productos comprados.<\/li>\n<li>la azafata marcar\u00e1 todos los tickets f\u00edsicos con un sello de Espai Giron\u00e8s, <strong>que se guardar\u00e1n en el Punto de Informaci\u00f3n y no ser\u00e1n devueltos al cliente<\/strong>;<\/li>\n<li>La azafata solicitar\u00e1 los siguientes datos al cliente para poder participar en la \u00a0promoci\u00f3n:\n<ul>\n<li>nombre y apellidos del cliente<\/li>\n<li>DNI<\/li>\n<li>c\u00f3digo postal y provincia del cliente<\/li>\n<li>e-mail del cliente<\/li>\n<li>Importe de las compras<\/li>\n<li>Consentimiento para el env\u00edo para futuras acciones y\/o promociones del centro comercial<\/li>\n<\/ul>\n<\/li>\n<\/ul>\n<p><strong><u>7.Condiciones de participaci\u00f3n<\/u><\/strong><\/p>\n<p>La participaci\u00f3n en esta promoci\u00f3n supone la plena y total aceptaci\u00f3n de las bases descritas. En caso de discrepancias, prevalecer\u00e1 el criterio del organizador de la promoci\u00f3n. Asimismo, el Centro Comercial se reserva el derecho de resolver, seg\u00fan su interpretaci\u00f3n, los aspectos no previstos en estas bases.<\/p>\n<p>Cualquier manifestaci\u00f3n de no aceptaci\u00f3n de las condiciones de la promoci\u00f3n supondr\u00e1 la exclusi\u00f3n de la persona participante. El Centro Comercial se reserva el derecho de excluir a las personas participantes que por su conducta interfieran en el buen funcionamiento de la promoci\u00f3n.<\/p>\n<p>El Centro Comercial se reserva el derecho de eliminar a cualquier participante que defraude, altere o inutilice el buen funcionamiento y el transcurso reglamentario de la presente promoci\u00f3n, y en especial el de aquellos participantes en los que se evidencie o sospeche una actuaci\u00f3n irregular o fraudulenta.<\/p>\n<p><strong><u>8.Derechos de imagen<\/u><\/strong><\/p>\n<p>Dado el fin estrictamente publicitario de la presente promoci\u00f3n, la imagen, nombre y voz de los ganadores podr\u00e1n ser utilizados a los efectos de informar sobre el resultado de dicha promoci\u00f3n, as\u00ed como respecto de ulteriores eventos de similar naturaleza en los medios de comunicaci\u00f3n que la sociedad Commerz Real Investmentgesellschaft mbh, sucursal en Espa\u00f1a estime necesarios (incluyendo, a t\u00edtulo de ejemplo, prensa, radio, televisi\u00f3n o Internet). Dicha cesi\u00f3n se realizar\u00e1 durante un plazo indefinido de tiempo y con \u00e1mbito territorial de Espa\u00f1a.<\/p>\n<p><strong><u>9.Causas de descalificaci\u00f3n de un participante de la promoci\u00f3n<\/u><\/strong><\/p>\n<p>Esta promoci\u00f3n se organiza con la pretensi\u00f3n de incentivar y fomentar la participaci\u00f3n de todos los clientes del centro comercial \u201cEspai Giron\u00e8s\u201d, premiando la fidelidad en condiciones de igualdad y con estricto respeto al principio general de la buena fe. Por ese motivo, el Centro Comercial excluir\u00e1 autom\u00e1tica e inmediatamente de la misma a cualquier participante que transgreda las normas de la buena fe, observe una conducta mendaz o inadecuada, emplee medios fraudulentos o incumpla estas bases en cualquiera de sus extremos.<\/p>\n<p>En caso de que las irregularidades se detecten con posterioridad a la entrega efectiva de alguno de los premios, el Centro Comercial se reserva el derecho de ejercitar las acciones legales pertinentes contra su autor o responsable, entre otras, las tendentes a la devoluci\u00f3n de los premios.<\/p>\n<p><strong><u>10.Tratamiento de Datos Personales<\/u><\/strong><\/p>\n<p>De conformidad con lo dispuesto en el Reglamento (UE) 2016\/679 de 27 de abril (GDPR) y la Ley Org\u00e1nica 3\/2018 de 5 de diciembre (LOPDGDD), los datos personales recogidos ser\u00e1n incorporados a un fichero registrado por la sociedad Commerz Real Investmentgesellschaft mbh, sucursal en Espa\u00f1a, para la gesti\u00f3n de la presente promoci\u00f3n y el env\u00edo por correo ordinario o electr\u00f3nico de comunicaciones comerciales o promocionales del Centro Comercial.<\/p>\n<p>Aceptando las bases de la promoci\u00f3n \u201cDia del Pare\u201d, la empresa gestora mencionada arriba podr\u00e1 enviarle por los medios antes indicados informaci\u00f3n promocional sobre los productos y servicios de los titulares de los establecimientos comerciales ubicados en el indicado Centro Comercial, dedicados a la venta o prestaci\u00f3n de bienes o servicios de consumo. Puede consultar la relaci\u00f3n de dichos establecimientos y sus actividades en las Oficinas de Gerencia del Centro Comercial.<\/p>\n<p>Para el ejercicio de sus derechos de acceso, rectificaci\u00f3n, cancelaci\u00f3n y oposici\u00f3n deber\u00e1 dirigirse por escrito que le identifique a la sociedad Commerz Real Investmentgesellschaft mbh, sucursal en Espa\u00f1a, con CIF W-0042481B y domicilio social en Cam\u00ed dels Carlins 10, 17190 Salt (Girona). Si considera que el tratamiento no se ajusta a la normativa vigente, podr\u00e1 presentar una reclamaci\u00f3n ante la autoridad de control en <a href=\"http:\/\/www.aepd.es\">www.aepd.es<\/a>.<\/p>\n<p>La negativa a proporcionar los datos calificados como obligatorios implicar\u00e1 la imposibilidad de participar en la promoci\u00f3n. Asimismo, podr\u00e1n solicitarse otros datos de modo voluntario, con el objetivo de conocer mejor a los participantes de nuestras promociones y ofrecerles mejores productos y servicios.<\/p>\n<p>&nbsp;<\/p>\n<p><strong><u>PROTECCI\u00d3N DE DATOS Y CONSENTIMIENTO DE CESI\u00d3N DE IM\u00c1GENES<\/u><\/strong><\/p>\n<p>Aceptando las condiciones de la promoci\u00f3n \u201cDia del Pare\u201d y la pol\u00edtica de protecci\u00f3n de datos de la misma, las personas que env\u00eden sus datos estar\u00e1n ofreciendo su consentimiento a:<\/p>\n<p>Consiento a que CRI utilice mis datos a los efectos de gestionar mi participaci\u00f3n en la campa\u00f1a \u201cDia del Pare\u201d realizada en el Centro Comercial \u201cEspai Giron\u00e8s\u201d.<\/p>\n<p>Consiento la toma de fotograf\u00edas y la grabaci\u00f3n de mi imagen y voz en el marco de la campa\u00f1a \u201cDia del Pare\u201d, as\u00ed como su posterior difusi\u00f3n a trav\u00e9s de redes sociales, web y otros medios de comunicaci\u00f3n, con la finalidad de divulgar las actividades que lleva a cabo el Centro Comercial \u201cEspai Giron\u00e8s\u201d.<\/p>\n<p>Consiento que CRI utilice mis datos para la realizaci\u00f3n de prospecciones comerciales en relaci\u00f3n con los clientes del Centro Comercial \u201cEspai Giron\u00e8s\u201d.<\/p>\n<p>De conformidad con lo dispuesto en el Reglamento (UE) 2016\/679 de 27 de abril (GDPR) y la Ley Org\u00e1nica 3\/2018 de 5 de diciembre (LOPDGDD), los datos personales recogidos ser\u00e1n incorporados a un fichero registrado por la sociedad Commerz Real Investmentgesellschaft mbh, sucursal en Espa\u00f1a, para la gesti\u00f3n de la presente promoci\u00f3n y el env\u00edo por correo ordinario o electr\u00f3nico de comunicaciones comerciales o promocionales del Centro Comercial.<\/p>\n<p>Para el ejercicio de sus derechos de acceso, rectificaci\u00f3n, cancelaci\u00f3n y oposici\u00f3n deber\u00e1 dirigirse por escrito que le identifique a la sociedad Commerz Real Investmentgesellschaft mbh, sucursal en Espa\u00f1a, con CIF W-0042481B y domicilio social en Cam\u00ed dels Carlins 10, 17190 Salt (Girona). Si considera que el tratamiento no se ajusta a la normativa vigente, podr\u00e1 presentar una reclamaci\u00f3n ante la autoridad de control en <a href=\"http:\/\/www.aepd.es\">www.aepd.es<\/a>.<\/p>\n<p>La negativa a proporcionar los datos calificados como obligatorios implicar\u00e1 la imposibilidad de participar en la promoci\u00f3n. Asimismo, podr\u00e1n solicitarse otros datos de modo voluntario, con el objetivo de conocer mejor a los participantes de nuestras promociones y ofrecerles mejores productos y servicios.<\/p>\n","protected":false},"featured_media":31568,"template":"","class_list":["post-31571","events","type-events","status-publish","has-post-thumbnail","hentry"],"yoast_head":"<!-- This site is optimized with the Yoast SEO plugin v22.2 - https:\/\/yoast.com\/wordpress\/plugins\/seo\/ -->\n<title>Celebrate Father\u2019s Day at Espai Giron\u00e8s! - Espai Giron\u00e8s<\/title>\n<meta name=\"robots\" content=\"index, follow, max-snippet:-1, max-image-preview:large, max-video-preview:-1\" \/>\n<link rel=\"canonical\" href=\"https:\/\/www.espaigirones.com\/en\/events\/celebra-el-dia-del-pare-a-lespai-girones\/\" \/>\n<meta property=\"og:locale\" content=\"en_US\" \/>\n<meta property=\"og:type\" content=\"article\" \/>\n<meta property=\"og:title\" content=\"Celebrate Father\u2019s Day at Espai Giron\u00e8s! - Espai Giron\u00e8s\" \/>\n<meta property=\"og:description\" content=\"BASES DE LA PROMOCI\u00d3N DE MARZO 2024 La Promoci\u00f3n \u201cDia del Pare\u201d est\u00e1 organizada por la sociedad COMMERZ REAL INVESTMENTGESELLSCHAFT MBH, SUCURSAL EN ESPA\u00d1A, con C.I.F. W-0042481B y domicilio social en Salt (Girona), Cam\u00ed dels Carlins,10, propietaria del Centro Comercial \u201cEspai Giron\u00e9s\u201d, sito en el Cam\u00ed dels Carlins, 17190 Salt (Girona) (en adelante, el \u201cCentro [&hellip;]\" \/>\n<meta property=\"og:url\" content=\"https:\/\/www.espaigirones.com\/en\/events\/celebra-el-dia-del-pare-a-lespai-girones\/\" \/>\n<meta property=\"og:site_name\" content=\"Espai Giron\u00e8s\" \/>\n<meta property=\"article:modified_time\" content=\"2024-04-05T13:48:06+00:00\" \/>\n<meta property=\"og:image\" content=\"https:\/\/www.espaigirones.com\/wp-content\/uploads\/sites\/11\/2024\/03\/CELEBRAELDIADELPARE_ALESPAI_3_2.jpg\" \/>\n\t<meta property=\"og:image:width\" content=\"800\" \/>\n\t<meta property=\"og:image:height\" content=\"800\" \/>\n\t<meta property=\"og:image:type\" content=\"image\/jpeg\" \/>\n<meta name=\"twitter:card\" content=\"summary_large_image\" \/>\n<meta name=\"twitter:label1\" content=\"Est. reading time\" \/>\n\t<meta name=\"twitter:data1\" content=\"9 minutes\" \/>\n<script type=\"application\/ld+json\" class=\"yoast-schema-graph\">{\"@context\":\"https:\/\/schema.org\",\"@graph\":[{\"@type\":\"WebPage\",\"@id\":\"https:\/\/www.espaigirones.com\/en\/events\/celebra-el-dia-del-pare-a-lespai-girones\/\",\"url\":\"https:\/\/www.espaigirones.com\/en\/events\/celebra-el-dia-del-pare-a-lespai-girones\/\",\"name\":\"Celebrate Father\u2019s Day at Espai Giron\u00e8s! - Espai Giron\u00e8s\",\"isPartOf\":{\"@id\":\"https:\/\/www.espaigirones.com\/#website\"},\"primaryImageOfPage\":{\"@id\":\"https:\/\/www.espaigirones.com\/en\/events\/celebra-el-dia-del-pare-a-lespai-girones\/#primaryimage\"},\"image\":{\"@id\":\"https:\/\/www.espaigirones.com\/en\/events\/celebra-el-dia-del-pare-a-lespai-girones\/#primaryimage\"},\"thumbnailUrl\":\"https:\/\/www.espaigirones.com\/wp-content\/uploads\/sites\/11\/2024\/03\/CELEBRAELDIADELPARE_ALESPAI_3_2.jpg\",\"datePublished\":\"2024-03-13T14:40:48+00:00\",\"dateModified\":\"2024-04-05T13:48:06+00:00\",\"breadcrumb\":{\"@id\":\"https:\/\/www.espaigirones.com\/en\/events\/celebra-el-dia-del-pare-a-lespai-girones\/#breadcrumb\"},\"inLanguage\":\"en-US\",\"potentialAction\":[{\"@type\":\"ReadAction\",\"target\":[\"https:\/\/www.espaigirones.com\/en\/events\/celebra-el-dia-del-pare-a-lespai-girones\/\"]}]},{\"@type\":\"ImageObject\",\"inLanguage\":\"en-US\",\"@id\":\"https:\/\/www.espaigirones.com\/en\/events\/celebra-el-dia-del-pare-a-lespai-girones\/#primaryimage\",\"url\":\"https:\/\/www.espaigirones.com\/wp-content\/uploads\/sites\/11\/2024\/03\/CELEBRAELDIADELPARE_ALESPAI_3_2.jpg\",\"contentUrl\":\"https:\/\/www.espaigirones.com\/wp-content\/uploads\/sites\/11\/2024\/03\/CELEBRAELDIADELPARE_ALESPAI_3_2.jpg\",\"width\":800,\"height\":800},{\"@type\":\"BreadcrumbList\",\"@id\":\"https:\/\/www.espaigirones.com\/en\/events\/celebra-el-dia-del-pare-a-lespai-girones\/#breadcrumb\",\"itemListElement\":[{\"@type\":\"ListItem\",\"position\":1,\"name\":\"Events\",\"item\":\"https:\/\/www.espaigirones.com\/events\/\"},{\"@type\":\"ListItem\",\"position\":2,\"name\":\"Celebrate Father\u2019s Day at Espai Giron\u00e8s!\"}]},{\"@type\":\"WebSite\",\"@id\":\"https:\/\/www.espaigirones.com\/#website\",\"url\":\"https:\/\/www.espaigirones.com\/\",\"name\":\"Espai Giron\u00e8s\",\"description\":\"\",\"potentialAction\":[{\"@type\":\"SearchAction\",\"target\":{\"@type\":\"EntryPoint\",\"urlTemplate\":\"https:\/\/www.espaigirones.com\/?s={search_term_string}\"},\"query-input\":\"required name=search_term_string\"}],\"inLanguage\":\"en-US\"}]}<\/script>\n<!-- \/ Yoast SEO plugin. -->","yoast_head_json":{"title":"Celebrate Father\u2019s Day at Espai Giron\u00e8s! - Espai Giron\u00e8s","robots":{"index":"index","follow":"follow","max-snippet":"max-snippet:-1","max-image-preview":"max-image-preview:large","max-video-preview":"max-video-preview:-1"},"canonical":"https:\/\/www.espaigirones.com\/en\/events\/celebra-el-dia-del-pare-a-lespai-girones\/","og_locale":"en_US","og_type":"article","og_title":"Celebrate Father\u2019s Day at Espai Giron\u00e8s! - Espai Giron\u00e8s","og_description":"BASES DE LA PROMOCI\u00d3N DE MARZO 2024 La Promoci\u00f3n \u201cDia del Pare\u201d est\u00e1 organizada por la sociedad COMMERZ REAL INVESTMENTGESELLSCHAFT MBH, SUCURSAL EN ESPA\u00d1A, con C.I.F. W-0042481B y domicilio social en Salt (Girona), Cam\u00ed dels Carlins,10, propietaria del Centro Comercial \u201cEspai Giron\u00e9s\u201d, sito en el Cam\u00ed dels Carlins, 17190 Salt (Girona) (en adelante, el \u201cCentro [&hellip;]","og_url":"https:\/\/www.espaigirones.com\/en\/events\/celebra-el-dia-del-pare-a-lespai-girones\/","og_site_name":"Espai Giron\u00e8s","article_modified_time":"2024-04-05T13:48:06+00:00","og_image":[{"width":800,"height":800,"url":"https:\/\/www.espaigirones.com\/wp-content\/uploads\/sites\/11\/2024\/03\/CELEBRAELDIADELPARE_ALESPAI_3_2.jpg","type":"image\/jpeg"}],"twitter_card":"summary_large_image","twitter_misc":{"Est. reading time":"9 minutes"},"schema":{"@context":"https:\/\/schema.org","@graph":[{"@type":"WebPage","@id":"https:\/\/www.espaigirones.com\/en\/events\/celebra-el-dia-del-pare-a-lespai-girones\/","url":"https:\/\/www.espaigirones.com\/en\/events\/celebra-el-dia-del-pare-a-lespai-girones\/","name":"Celebrate Father\u2019s Day at Espai Giron\u00e8s! - Espai Giron\u00e8s","isPartOf":{"@id":"https:\/\/www.espaigirones.com\/#website"},"primaryImageOfPage":{"@id":"https:\/\/www.espaigirones.com\/en\/events\/celebra-el-dia-del-pare-a-lespai-girones\/#primaryimage"},"image":{"@id":"https:\/\/www.espaigirones.com\/en\/events\/celebra-el-dia-del-pare-a-lespai-girones\/#primaryimage"},"thumbnailUrl":"https:\/\/www.espaigirones.com\/wp-content\/uploads\/sites\/11\/2024\/03\/CELEBRAELDIADELPARE_ALESPAI_3_2.jpg","datePublished":"2024-03-13T14:40:48+00:00","dateModified":"2024-04-05T13:48:06+00:00","breadcrumb":{"@id":"https:\/\/www.espaigirones.com\/en\/events\/celebra-el-dia-del-pare-a-lespai-girones\/#breadcrumb"},"inLanguage":"en-US","potentialAction":[{"@type":"ReadAction","target":["https:\/\/www.espaigirones.com\/en\/events\/celebra-el-dia-del-pare-a-lespai-girones\/"]}]},{"@type":"ImageObject","inLanguage":"en-US","@id":"https:\/\/www.espaigirones.com\/en\/events\/celebra-el-dia-del-pare-a-lespai-girones\/#primaryimage","url":"https:\/\/www.espaigirones.com\/wp-content\/uploads\/sites\/11\/2024\/03\/CELEBRAELDIADELPARE_ALESPAI_3_2.jpg","contentUrl":"https:\/\/www.espaigirones.com\/wp-content\/uploads\/sites\/11\/2024\/03\/CELEBRAELDIADELPARE_ALESPAI_3_2.jpg","width":800,"height":800},{"@type":"BreadcrumbList","@id":"https:\/\/www.espaigirones.com\/en\/events\/celebra-el-dia-del-pare-a-lespai-girones\/#breadcrumb","itemListElement":[{"@type":"ListItem","position":1,"name":"Events","item":"https:\/\/www.espaigirones.com\/events\/"},{"@type":"ListItem","position":2,"name":"Celebrate Father\u2019s Day at Espai Giron\u00e8s!"}]},{"@type":"WebSite","@id":"https:\/\/www.espaigirones.com\/#website","url":"https:\/\/www.espaigirones.com\/","name":"Espai Giron\u00e8s","description":"","potentialAction":[{"@type":"SearchAction","target":{"@type":"EntryPoint","urlTemplate":"https:\/\/www.espaigirones.com\/?s={search_term_string}"},"query-input":"required name=search_term_string"}],"inLanguage":"en-US"}]}},"_links":{"self":[{"href":"https:\/\/www.espaigirones.com\/en\/wp-json\/wp\/v2\/events\/31571","targetHints":{"allow":["GET"]}}],"collection":[{"href":"https:\/\/www.espaigirones.com\/en\/wp-json\/wp\/v2\/events"}],"about":[{"href":"https:\/\/www.espaigirones.com\/en\/wp-json\/wp\/v2\/types\/events"}],"wp:featuredmedia":[{"embeddable":true,"href":"https:\/\/www.espaigirones.com\/en\/wp-json\/wp\/v2\/media\/31568"}],"wp:attachment":[{"href":"https:\/\/www.espaigirones.com\/en\/wp-json\/wp\/v2\/media?parent=31571"}],"curies":[{"name":"wp","href":"https:\/\/api.w.org\/{rel}","templated":true}]}}