{"id":33984,"date":"2024-10-08T12:00:05","date_gmt":"2024-10-08T12:00:05","guid":{"rendered":"https:\/\/www.espaigirones.com\/events\/fashion-espai-posat-de-moda\/"},"modified":"2024-10-09T11:33:54","modified_gmt":"2024-10-09T11:33:54","slug":"fashion-espai-posat-de-moda","status":"publish","type":"events","link":"https:\/\/www.espaigirones.com\/es\/events\/fashion-espai-posat-de-moda\/","title":{"rendered":"FASHION ESPAI &#8211; PONTE DE MODA"},"content":{"rendered":"<p>&nbsp;<\/p>\n<p style=\"text-align: center;\"><strong>PONTE DE MODA<\/strong><\/p>\n<p style=\"text-align: center;\"><strong>Del 9 al 19 de Octubre<\/strong>, celebramos la <strong>Fashion Espai<\/strong> con muchas actividades y talleres para hacer la moda m\u00e1s tuya.<\/p>\n<p>&nbsp;<\/p>\n<p>&nbsp;<\/p>\n<p><strong>TALLERES GRATUITSS PARA CREAR ESTILO<\/strong><\/p>\n<p>&nbsp;<\/p>\n<p><strong>CREA UN LOOK EXCLUSIVO:<\/strong><\/p>\n<p>\u00a1Participa en uno de los mejores talleres de <strong>personalitzaci\u00f3n de moda!<\/strong><\/p>\n<p>Ven con una <strong>prenda de ropa<\/strong> que quieras <strong>reutilitzar<\/strong> y con los especialistas de <em>Popcycling<\/em> y\u00a0<em>Upcyclick<\/em> apendrer\u00e1s a <strong>customitzarla<\/strong> con t\u00e9cnicas como pintura, plantillas o brodados.<\/p>\n<p>Y podr\u00e1s practicar el consumo consciente, alargando la vida \u00fatil de tu ropa.<\/p>\n<p>\ud83d\udcc6 Viernes 11 i 18 de octubre<\/p>\n<p>\u23f0 De 18 a 20h<\/p>\n<p>\u23f3 Duraci\u00f3n: 2 horas<\/p>\n<p>\ud83d\udc49 A partir de 13 a\u00f1os<\/p>\n<p>Inscr\u00edbete aqu\u00ed:\u00a0<a href=\"https:\/\/bit.ly\/3XTPHSb\">https:\/\/bit.ly\/3XTPHSb<\/a><\/p>\n<p>&nbsp;<\/p>\n<p><strong>\u00bfQUIERES TENIR UNAS VAMBES \u00daNICAS?<\/strong><\/p>\n<p>\u00a1Un taller que marca <strong>tendencia!<\/strong><\/p>\n<p>\u00a1Ap\u00fantate al <strong>taller de customitzaci\u00f3n de zapatillas y<\/strong> crea sin l\u00edmites!<\/p>\n<p>Ven con unas zapatillas deportivas (nuevas o usadas) y te ense\u00f1aremos a combinar pinturas, cordones y accessorios <strong>para realizar un disse\u00f1o tan original com quieras.<\/strong><\/p>\n<p>\ud83d\udcc6 S\u00e1bado 12 de octubre<\/p>\n<p>\u23f0 De 17h a 20h<\/p>\n<p>\u23f3 Duraci\u00f3n: 3 horas<\/p>\n<p>\ud83d\udc49 A partir de 5 a\u00f1os (menores de 10 a\u00f1os acompa\u00f1ados).<\/p>\n<p>Inscr\u00edbete aqu\u00ed:\u00a0<a href=\"https:\/\/bit.ly\/3ZAvNgz\">https:\/\/bit.ly\/3ZAvNgz<\/a><\/p>\n<p>&nbsp;<\/p>\n<p><strong>TALLER INFANITL: DISE\u00d1A TU CAMISETA!<\/strong><\/p>\n<p>Los peque\u00f1os de la casa ser\u00e1n <strong>aut\u00e9nticos creadores de moda.<\/strong><\/p>\n<p>Les regalaremos una camiseta y les ense\u00f1aremos a realizar un <strong>dise\u00f1o art\u00edstico<\/strong> con fieltros, estampado con pintura y rotuladores, para que aprendan a hacer <strong>decoraciones \u00fanicas y divertidas.\u00a0<\/strong><\/p>\n<p>\ud83d\udcc6 S\u00e1bado 12 i 19 d&#8217;octubre<\/p>\n<p>\u23f0 De 11h a 12:30h<\/p>\n<p>\u23f3 Duraci\u00f3n: 1,5 horas<\/p>\n<p>\ud83d\udc67 De 5 a 10 a\u00f1os<\/p>\n<p>Inscr\u00edbete aqu\u00ed:\u00a0<a href=\"https:\/\/bit.ly\/3XRETnE\">https:\/\/bit.ly\/3XRETnE<\/a><\/p>\n<p>&nbsp;<\/p>\n<p><strong>CHARLA<\/strong><\/p>\n<p><strong>\u00abLA MODA, M\u00c1S ALL\u00c1 DE LA TENDENCIA\u00bb<\/strong><\/p>\n<p><span class=\"jCAhz ChMk0b\"><span class=\"ryNqvb\">Descubre c\u00f3mo la ropa se convierte en una herramienta poderosa para expresar la singularidad, defender la diversidad y adoptar un consumo m\u00e1s consciente. <\/span><\/span><\/p>\n<p><span class=\"jCAhz ChMk0b\"><span class=\"ryNqvb\">La comunicadora experta en moda <strong>MARIA ALMENAR<\/strong> conversar\u00e1 con la asesora de imagen <strong>MARTA PONTNOU<\/strong> y la creadora de contenido en Instagram y Tik Tok<strong> LAURA BRUNET<\/strong>. <\/span><\/span><\/p>\n<p><span class=\"jCAhz ChMk0b\"><span class=\"ryNqvb\">Debatiremos sobre c\u00f3mo la moda puede ser atemporal, diversa, \u00e9tica y sostenible. <\/span><\/span><\/p>\n<p><span class=\"jCAhz ChMk0b\"><span class=\"ryNqvb\">Descubrir\u00e1s c\u00f3mo definir un armario con tu propio estilo e identidad individual. <\/span><\/span><\/p>\n<p><span class=\"jCAhz ChMk0b\"><span class=\"ryNqvb\">\ud83d\udd14 Entre todos los asistentes sortearemos una <strong>TARJETA REGALO del Espai Giron\u00e8s de 50\u20ac <\/strong><\/span><\/span><\/p>\n<p><strong><span class=\"jCAhz\"><span class=\"ryNqvb\">\u00a1Ven a ponerte de moda! <\/span><\/span><\/strong><\/p>\n<p>\ud83d\udcc6 S\u00e1bado 19 de octubre<\/p>\n<p>\u23f0 De 18h a 19h<\/p>\n<p>\u23f3 Duraci\u00f3n: 1 hora<\/p>\n<p>\ud83d\udc49 A partir de los 13 a\u00f1os<\/p>\n<p>Inscr\u00edbete aqu\u00ed:\u00a0<strong><a href=\"https:\/\/bit.ly\/4dhvOJi\">https:\/\/bit.ly\/4dhvOJi<\/a><\/strong><\/p>\n<p>&nbsp;<\/p>\n<p style=\"text-align: center;\"><span class=\"jCAhz ChMk0b\"><span class=\"ryNqvb\">Todos los talleres son gratuitos, pero es imprescindible reservar plaza. El aforo es limitado.<\/span><\/span><\/p>\n<p style=\"text-align: center;\"><strong>INSCR\u00cdBETE YA <a href=\"https:\/\/bit.ly\/4gEr8Qz\">AQU\u00cd\u00a0<\/a><\/strong><\/p>\n<p>&nbsp;<\/p>\n<p>&nbsp;<\/p>\n<p><strong>GANA TARJETAS REGALO DE 75\u20ac Y 50\u20ac\u00a0<\/strong><\/p>\n<p><strong>CAZA &#8211; TENDENCIES<\/strong><\/p>\n<p><span class=\"jCAhz ChMk0b\"><span class=\"ryNqvb\">Nuestros <strong>caza-tendencias<\/strong> detendr\u00e1n al azar clientes y clientes que hayan comprado en las tiendas de moda. <\/span><\/span><\/p>\n<p><span class=\"jCAhz ChMk0b\"><span class=\"ryNqvb\">Si ense\u00f1as tu compra, \u00a1te llevar\u00e1s directo <strong>una TARJETA REGALO del Espai Giron\u00e8s de 75\u20ac<\/strong>!<\/span><\/span> <span class=\"jCAhz ChMk0b\"><span class=\"ryNqvb\">\u00bfSer\u00e1s una de las personas afortunadas? <\/span><\/span><\/p>\n<p>\ud83d\udcc6 Mi\u00e9rcoles 9, lunes 14 y jueves 17 de octubre<\/p>\n<p>&nbsp;<\/p>\n<p><strong>CONCURSO: DOBLAR ROPA A VELOCIDAD SUPERS\u00d3NICA<\/strong><\/p>\n<p><span class=\"jCAhz ChMk0b\"><span class=\"ryNqvb\">\u00a1Ven a demostrar tu t\u00e9cnica plegando camisetas! <\/span><\/span><\/p>\n<p><span class=\"jCAhz ChMk0b\"><span class=\"ryNqvb\">\u00a1Participa en el concurso y, si eres el m\u00e1s r\u00e1pido, te llevar\u00e1s <strong>una TARJETA REGALO del Espai Giron\u00e8s de 50\u20ac!<\/strong><\/span><\/span><\/p>\n<p>\ud83d\udcc6 Jueves 10 y mi\u00e9rcoles 16 de octubre<\/p>\n<p>\u23f0 De 18h a 20h<\/p>\n<p>&nbsp;<\/p>\n","protected":false},"featured_media":33925,"template":"","class_list":["post-33984","events","type-events","status-publish","has-post-thumbnail","hentry"],"yoast_head":"<!-- This site is optimized with the Yoast SEO plugin v22.2 - https:\/\/yoast.com\/wordpress\/plugins\/seo\/ -->\n<title>FASHION ESPAI - PONTE DE MODA - Espai Giron\u00e8s<\/title>\n<meta name=\"robots\" content=\"index, follow, max-snippet:-1, max-image-preview:large, max-video-preview:-1\" \/>\n<link rel=\"canonical\" href=\"https:\/\/www.espaigirones.com\/es\/events\/fashion-espai-posat-de-moda\/\" \/>\n<meta property=\"og:locale\" content=\"es_ES\" \/>\n<meta property=\"og:type\" content=\"article\" \/>\n<meta property=\"og:title\" content=\"FASHION ESPAI - PONTE DE MODA - Espai Giron\u00e8s\" \/>\n<meta property=\"og:description\" content=\"&nbsp; PONTE DE MODA Del 9 al 19 de Octubre, celebramos la Fashion Espai con muchas actividades y talleres para hacer la moda m\u00e1s tuya. &nbsp; &nbsp; TALLERES GRATUITSS PARA CREAR ESTILO &nbsp; CREA UN LOOK EXCLUSIVO: \u00a1Participa en uno de los mejores talleres de personalitzaci\u00f3n de moda! Ven con una prenda de ropa que [&hellip;]\" \/>\n<meta property=\"og:url\" content=\"https:\/\/www.espaigirones.com\/es\/events\/fashion-espai-posat-de-moda\/\" \/>\n<meta property=\"og:site_name\" content=\"Espai Giron\u00e8s\" \/>\n<meta property=\"article:modified_time\" content=\"2024-10-09T11:33:54+00:00\" \/>\n<meta property=\"og:image\" content=\"https:\/\/www.espaigirones.com\/wp-content\/uploads\/sites\/11\/2024\/09\/BannerWeb-1920x910-1.jpg\" \/>\n\t<meta property=\"og:image:width\" content=\"1920\" \/>\n\t<meta property=\"og:image:height\" content=\"910\" \/>\n\t<meta property=\"og:image:type\" content=\"image\/jpeg\" \/>\n<meta name=\"twitter:card\" content=\"summary_large_image\" \/>\n<meta name=\"twitter:label1\" content=\"Tiempo de lectura\" \/>\n\t<meta name=\"twitter:data1\" content=\"3 minutos\" \/>\n<script type=\"application\/ld+json\" class=\"yoast-schema-graph\">{\"@context\":\"https:\/\/schema.org\",\"@graph\":[{\"@type\":\"WebPage\",\"@id\":\"https:\/\/www.espaigirones.com\/es\/events\/fashion-espai-posat-de-moda\/\",\"url\":\"https:\/\/www.espaigirones.com\/es\/events\/fashion-espai-posat-de-moda\/\",\"name\":\"FASHION ESPAI - PONTE DE MODA - Espai Giron\u00e8s\",\"isPartOf\":{\"@id\":\"https:\/\/www.espaigirones.com\/#website\"},\"primaryImageOfPage\":{\"@id\":\"https:\/\/www.espaigirones.com\/es\/events\/fashion-espai-posat-de-moda\/#primaryimage\"},\"image\":{\"@id\":\"https:\/\/www.espaigirones.com\/es\/events\/fashion-espai-posat-de-moda\/#primaryimage\"},\"thumbnailUrl\":\"https:\/\/www.espaigirones.com\/wp-content\/uploads\/sites\/11\/2024\/09\/BannerWeb-1920x910-1.jpg\",\"datePublished\":\"2024-10-08T12:00:05+00:00\",\"dateModified\":\"2024-10-09T11:33:54+00:00\",\"breadcrumb\":{\"@id\":\"https:\/\/www.espaigirones.com\/es\/events\/fashion-espai-posat-de-moda\/#breadcrumb\"},\"inLanguage\":\"es\",\"potentialAction\":[{\"@type\":\"ReadAction\",\"target\":[\"https:\/\/www.espaigirones.com\/es\/events\/fashion-espai-posat-de-moda\/\"]}]},{\"@type\":\"ImageObject\",\"inLanguage\":\"es\",\"@id\":\"https:\/\/www.espaigirones.com\/es\/events\/fashion-espai-posat-de-moda\/#primaryimage\",\"url\":\"https:\/\/www.espaigirones.com\/wp-content\/uploads\/sites\/11\/2024\/09\/BannerWeb-1920x910-1.jpg\",\"contentUrl\":\"https:\/\/www.espaigirones.com\/wp-content\/uploads\/sites\/11\/2024\/09\/BannerWeb-1920x910-1.jpg\",\"width\":1920,\"height\":910},{\"@type\":\"BreadcrumbList\",\"@id\":\"https:\/\/www.espaigirones.com\/es\/events\/fashion-espai-posat-de-moda\/#breadcrumb\",\"itemListElement\":[{\"@type\":\"ListItem\",\"position\":1,\"name\":\"Events\",\"item\":\"https:\/\/www.espaigirones.com\/events\/\"},{\"@type\":\"ListItem\",\"position\":2,\"name\":\"FASHION ESPAI &#8211; PONTE DE MODA\"}]},{\"@type\":\"WebSite\",\"@id\":\"https:\/\/www.espaigirones.com\/#website\",\"url\":\"https:\/\/www.espaigirones.com\/\",\"name\":\"Espai Giron\u00e8s\",\"description\":\"\",\"potentialAction\":[{\"@type\":\"SearchAction\",\"target\":{\"@type\":\"EntryPoint\",\"urlTemplate\":\"https:\/\/www.espaigirones.com\/?s={search_term_string}\"},\"query-input\":\"required name=search_term_string\"}],\"inLanguage\":\"es\"}]}<\/script>\n<!-- \/ Yoast SEO plugin. -->","yoast_head_json":{"title":"FASHION ESPAI - PONTE DE MODA - Espai Giron\u00e8s","robots":{"index":"index","follow":"follow","max-snippet":"max-snippet:-1","max-image-preview":"max-image-preview:large","max-video-preview":"max-video-preview:-1"},"canonical":"https:\/\/www.espaigirones.com\/es\/events\/fashion-espai-posat-de-moda\/","og_locale":"es_ES","og_type":"article","og_title":"FASHION ESPAI - PONTE DE MODA - Espai Giron\u00e8s","og_description":"&nbsp; PONTE DE MODA Del 9 al 19 de Octubre, celebramos la Fashion Espai con muchas actividades y talleres para hacer la moda m\u00e1s tuya. &nbsp; &nbsp; TALLERES GRATUITSS PARA CREAR ESTILO &nbsp; CREA UN LOOK EXCLUSIVO: \u00a1Participa en uno de los mejores talleres de personalitzaci\u00f3n de moda! Ven con una prenda de ropa que [&hellip;]","og_url":"https:\/\/www.espaigirones.com\/es\/events\/fashion-espai-posat-de-moda\/","og_site_name":"Espai Giron\u00e8s","article_modified_time":"2024-10-09T11:33:54+00:00","og_image":[{"width":1920,"height":910,"url":"https:\/\/www.espaigirones.com\/wp-content\/uploads\/sites\/11\/2024\/09\/BannerWeb-1920x910-1.jpg","type":"image\/jpeg"}],"twitter_card":"summary_large_image","twitter_misc":{"Tiempo de lectura":"3 minutos"},"schema":{"@context":"https:\/\/schema.org","@graph":[{"@type":"WebPage","@id":"https:\/\/www.espaigirones.com\/es\/events\/fashion-espai-posat-de-moda\/","url":"https:\/\/www.espaigirones.com\/es\/events\/fashion-espai-posat-de-moda\/","name":"FASHION ESPAI - PONTE DE MODA - Espai Giron\u00e8s","isPartOf":{"@id":"https:\/\/www.espaigirones.com\/#website"},"primaryImageOfPage":{"@id":"https:\/\/www.espaigirones.com\/es\/events\/fashion-espai-posat-de-moda\/#primaryimage"},"image":{"@id":"https:\/\/www.espaigirones.com\/es\/events\/fashion-espai-posat-de-moda\/#primaryimage"},"thumbnailUrl":"https:\/\/www.espaigirones.com\/wp-content\/uploads\/sites\/11\/2024\/09\/BannerWeb-1920x910-1.jpg","datePublished":"2024-10-08T12:00:05+00:00","dateModified":"2024-10-09T11:33:54+00:00","breadcrumb":{"@id":"https:\/\/www.espaigirones.com\/es\/events\/fashion-espai-posat-de-moda\/#breadcrumb"},"inLanguage":"es","potentialAction":[{"@type":"ReadAction","target":["https:\/\/www.espaigirones.com\/es\/events\/fashion-espai-posat-de-moda\/"]}]},{"@type":"ImageObject","inLanguage":"es","@id":"https:\/\/www.espaigirones.com\/es\/events\/fashion-espai-posat-de-moda\/#primaryimage","url":"https:\/\/www.espaigirones.com\/wp-content\/uploads\/sites\/11\/2024\/09\/BannerWeb-1920x910-1.jpg","contentUrl":"https:\/\/www.espaigirones.com\/wp-content\/uploads\/sites\/11\/2024\/09\/BannerWeb-1920x910-1.jpg","width":1920,"height":910},{"@type":"BreadcrumbList","@id":"https:\/\/www.espaigirones.com\/es\/events\/fashion-espai-posat-de-moda\/#breadcrumb","itemListElement":[{"@type":"ListItem","position":1,"name":"Events","item":"https:\/\/www.espaigirones.com\/events\/"},{"@type":"ListItem","position":2,"name":"FASHION ESPAI &#8211; PONTE DE MODA"}]},{"@type":"WebSite","@id":"https:\/\/www.espaigirones.com\/#website","url":"https:\/\/www.espaigirones.com\/","name":"Espai Giron\u00e8s","description":"","potentialAction":[{"@type":"SearchAction","target":{"@type":"EntryPoint","urlTemplate":"https:\/\/www.espaigirones.com\/?s={search_term_string}"},"query-input":"required name=search_term_string"}],"inLanguage":"es"}]}},"_links":{"self":[{"href":"https:\/\/www.espaigirones.com\/es\/wp-json\/wp\/v2\/events\/33984","targetHints":{"allow":["GET"]}}],"collection":[{"href":"https:\/\/www.espaigirones.com\/es\/wp-json\/wp\/v2\/events"}],"about":[{"href":"https:\/\/www.espaigirones.com\/es\/wp-json\/wp\/v2\/types\/events"}],"wp:featuredmedia":[{"embeddable":true,"href":"https:\/\/www.espaigirones.com\/es\/wp-json\/wp\/v2\/media\/33925"}],"wp:attachment":[{"href":"https:\/\/www.espaigirones.com\/es\/wp-json\/wp\/v2\/media?parent=33984"}],"curies":[{"name":"wp","href":"https:\/\/api.w.org\/{rel}","templated":true}]}}