{"id":33983,"date":"2024-10-08T12:00:05","date_gmt":"2024-10-08T12:00:05","guid":{"rendered":"https:\/\/www.espaigirones.com\/events\/fashion-espai-posat-de-moda\/"},"modified":"2024-10-09T11:35:43","modified_gmt":"2024-10-09T11:35:43","slug":"fashion-espai-posat-de-moda","status":"publish","type":"events","link":"https:\/\/www.espaigirones.com\/fr\/events\/fashion-espai-posat-de-moda\/","title":{"rendered":"FASHION ESPAI &#8211; POSA&rsquo;T DE MODA"},"content":{"rendered":"<p>&nbsp;<\/p>\n<p style=\"text-align: center;\"><strong>POSA&rsquo;T DE MODA<\/strong><\/p>\n<p style=\"text-align: center;\"><strong>Del 9 al 19 d&rsquo;Octubre<\/strong>, celebrem la <strong>Fashion Espai<\/strong> amb moltes activitats i tallers per fer la moda m\u00e9s teva.<\/p>\n<p>&nbsp;<\/p>\n<p>&nbsp;<\/p>\n<p><strong>TALLERS GRATU\u00cfTS PER CREAR EL TEU ESTIL<\/strong><\/p>\n<p>&nbsp;<\/p>\n<p><strong>DISSENYA&rsquo;T UN LOOK EXCLUSIU:<\/strong><\/p>\n<p>Participa en un dels millors tallers de <strong>personalitzaci\u00f3 de moda!<\/strong><\/p>\n<p>Vine amb una <strong>pe\u00e7a de roba<\/strong> que vulguis <strong>reutilitzar<\/strong> i amb les especialistes de <em>Popcycling<\/em> i <em>Upcyclick<\/em> apendr\u00e0s a <strong>customitzar-la<\/strong> amb t\u00e8cniques com pintura, plantilles o brodats.<\/p>\n<p>I podr\u00e0s practicar el consum conscient, allargant la vida \u00fatil de la roba.<\/p>\n<p>\ud83d\udcc6 Divendres 11 i 18 d&rsquo;octubre<\/p>\n<p>\u23f0 De 18 a 20h<\/p>\n<p>\u23f3 Durada: 2 hores<\/p>\n<p>\ud83d\udc49 A partir de 13 anys<\/p>\n<p>Apunta&rsquo;t aqu\u00ed:\u00a0<a href=\"https:\/\/bit.ly\/3XTPHSb\">https:\/\/bit.ly\/3XTPHSb<\/a><\/p>\n<p>&nbsp;<\/p>\n<p><strong>VOLS TENIR UNES VAMBES \u00daNIQUES?<\/strong><\/p>\n<p>Un taller que marca <strong>tend\u00e8ncia!<\/strong><\/p>\n<p>Apunta&rsquo;t al <strong>taller de customitzaci\u00f3 de vambes<\/strong> i crea sense l\u00edmits!<\/p>\n<p>Vine amb unes sabatilles esportives (noves o usades) i t&rsquo;ensenyarem a combinar pintures, cordons i accessoris <strong>per fer un disseny tan original com vulguis.<\/strong><\/p>\n<p>\ud83d\udcc6 Dissabte 12 d&rsquo;octubre<\/p>\n<p>\u23f0 De 17h a 20h<\/p>\n<p>\u23f3 Durada: 3 hores<\/p>\n<p>\ud83d\udc49 A partir de 5 anys (menors de 10 anys acopanyats).<\/p>\n<p>Apunta&rsquo;t aqu\u00ed:\u00a0<a href=\"https:\/\/bit.ly\/3ZAvNgz\">https:\/\/bit.ly\/3ZAvNgz<\/a><\/p>\n<p>&nbsp;<\/p>\n<p><strong>TALLER INFANITL: FES-TE LA SAMARRETA!<\/strong><\/p>\n<p>Els petits de la casa seran <strong>aut\u00e8ntics creadors de moda.<\/strong><\/p>\n<p>Els hi regalarem una samarreta i els ensenyarem a fer <strong>un disseny art\u00edstic<\/strong> amb feltres, estampat amb pintura i retoladors, perqu\u00e8 aprenguin a fer <strong>decoracions \u00faniques i divertides.<\/strong><\/p>\n<p>\ud83d\udcc6 Dissabte 12 i 19 d&rsquo;octubre<\/p>\n<p>\u23f0 D&rsquo;11h a 12:30h<\/p>\n<p>\u23f3 Durada: 1,5 hores<\/p>\n<p>\ud83d\udc67 De 5 a 10 anys<\/p>\n<p>Apunta&rsquo;t aqu\u00ed:\u00a0<a href=\"https:\/\/bit.ly\/3XRETnE\">https:\/\/bit.ly\/3XRETnE<\/a><\/p>\n<p>&nbsp;<\/p>\n<p><strong>XERRADA<\/strong><\/p>\n<p><strong>\u00ab\u00a0LA MODA, M\u00c9S ENLL\u00c0 DE LA TEND\u00c8NCIA\u00a0\u00bb<\/strong><\/p>\n<p>Descobreix com la roba esdev\u00e9 una eina poderosa per expressar la singularitat, defensar la diversitat i adoptar un consum m\u00e9s conscient.<\/p>\n<p>La comunicadora experta en moda <strong>MARIA ALMENAR<\/strong> conversar\u00e0\u00a0 amb l&rsquo;assessora d&rsquo;imatge <strong>MARTA PONTNOU<\/strong>\u00a0 i la creadora de contingut a Instagram i Tik Tok <strong>LAURA BRUNET.<\/strong><\/p>\n<p>Debatrem sobre com la moda pot ser atemporal, diversa, \u00e8tica i sostenible.<\/p>\n<p>Descobrir\u00e0s com definir un armari amb el teu propi estil i la teva identitat individual.<\/p>\n<p>\ud83d\udd14 Entre tots els assistents sortejarem una <strong>TARGETA REGAL de l&rsquo;Espai Giron\u00e8s de 50\u20ac<\/strong><\/p>\n<p><strong>Vine a posar-te de moda!<\/strong><\/p>\n<p>\ud83d\udcc6 Dissabte 19 d&rsquo;octubre<\/p>\n<p>\u23f0 De 18h a 19h<\/p>\n<p>\u23f3 Durada: 1 hora<\/p>\n<p>\ud83d\udc49 A partir de 13 anys<\/p>\n<p>Apunta&rsquo;t aqu\u00ed:\u00a0<a href=\"https:\/\/bit.ly\/4dhvOJi\">https:\/\/bit.ly\/4dhvOJi<\/a><\/p>\n<p><strong>\u00a0<\/strong><\/p>\n<p style=\"text-align: center;\">Cal reservar pla\u00e7a, aforament limitat.<\/p>\n<p style=\"text-align: center;\"><strong>INSCRIU-TE JA <a href=\"https:\/\/bit.ly\/4gEr8Qz\">AQU\u00cd<\/a><\/strong><\/p>\n<p>&nbsp;<\/p>\n<p>&nbsp;<\/p>\n<p><strong>GUANYA TARGETES REGAL DE 75\u20ac I 50\u20ac\u00a0<\/strong><\/p>\n<p><strong>CA\u00c7A &#8211; TEND\u00c8NCIES<\/strong><\/p>\n<p>Els nostres<strong> ca\u00e7a-tend\u00e8ncies<\/strong> aturaran a l&rsquo;atzar clients i clientes que hagin comprat a les botigues de moda.<\/p>\n<p>Si ensenyes la teva compra, t&#8217;emportar\u00e0s directe<strong> una TARGETA REGAL de l&rsquo;Espai Giron\u00e8s de 75\u20ac!<\/strong> Ser\u00e0s una de les persones afortunades?<\/p>\n<p>\ud83d\udcc6 Dimecres 9, dilluns 14 i dijous 17 d&rsquo;octubre<\/p>\n<p>&nbsp;<\/p>\n<p><strong>CONCURS: PLEGAR ROBA A VELOCITAT SUPERS\u00d2NICA<\/strong><\/p>\n<p>Vine a demostrar la teva<strong> t\u00e8cnica plegant samarretes!<\/strong><\/p>\n<p>Participa en el concurs i, si ets el m\u00e9s r\u00e0pid, t&#8217;emportar\u00e0s una<strong> TARGETA REGAL de l&rsquo;Espai Giron\u00e8s de 50\u20ac!<\/strong><\/p>\n<p>\ud83d\udcc6 Dijous 10 i dimecres 16 d&rsquo;octubre<\/p>\n<p>\u23f0 De 18h a 20h<\/p>\n<p>&nbsp;<\/p>\n","protected":false},"featured_media":33924,"template":"","class_list":["post-33983","events","type-events","status-publish","has-post-thumbnail","hentry"],"yoast_head":"<!-- This site is optimized with the Yoast SEO plugin v22.2 - https:\/\/yoast.com\/wordpress\/plugins\/seo\/ -->\n<title>FASHION ESPAI - POSA&#039;T DE MODA - Espai Giron\u00e8s<\/title>\n<meta name=\"robots\" content=\"index, follow, max-snippet:-1, max-image-preview:large, max-video-preview:-1\" \/>\n<link rel=\"canonical\" href=\"https:\/\/www.espaigirones.com\/fr\/events\/fashion-espai-posat-de-moda\/\" \/>\n<meta property=\"og:locale\" content=\"fr_FR\" \/>\n<meta property=\"og:type\" content=\"article\" \/>\n<meta property=\"og:title\" content=\"FASHION ESPAI - POSA&#039;T DE MODA - Espai Giron\u00e8s\" \/>\n<meta property=\"og:description\" content=\"&nbsp; POSA&rsquo;T DE MODA Del 9 al 19 d&rsquo;Octubre, celebrem la Fashion Espai amb moltes activitats i tallers per fer la moda m\u00e9s teva. &nbsp; &nbsp; TALLERS GRATU\u00cfTS PER CREAR EL TEU ESTIL &nbsp; DISSENYA&rsquo;T UN LOOK EXCLUSIU: Participa en un dels millors tallers de personalitzaci\u00f3 de moda! Vine amb una pe\u00e7a de roba que [&hellip;]\" \/>\n<meta property=\"og:url\" content=\"https:\/\/www.espaigirones.com\/fr\/events\/fashion-espai-posat-de-moda\/\" \/>\n<meta property=\"og:site_name\" content=\"Espai Giron\u00e8s\" \/>\n<meta property=\"article:modified_time\" content=\"2024-10-09T11:35:43+00:00\" \/>\n<meta property=\"og:image\" content=\"https:\/\/www.espaigirones.com\/wp-content\/uploads\/sites\/11\/2024\/09\/BannerWeb-1920x910-1.jpg\" \/>\n\t<meta property=\"og:image:width\" content=\"1920\" \/>\n\t<meta property=\"og:image:height\" content=\"910\" \/>\n\t<meta property=\"og:image:type\" content=\"image\/jpeg\" \/>\n<meta name=\"twitter:card\" content=\"summary_large_image\" \/>\n<meta name=\"twitter:label1\" content=\"Dur\u00e9e de lecture estim\u00e9e\" \/>\n\t<meta name=\"twitter:data1\" content=\"3 minutes\" \/>\n<script type=\"application\/ld+json\" class=\"yoast-schema-graph\">{\"@context\":\"https:\/\/schema.org\",\"@graph\":[{\"@type\":\"WebPage\",\"@id\":\"https:\/\/www.espaigirones.com\/fr\/events\/fashion-espai-posat-de-moda\/\",\"url\":\"https:\/\/www.espaigirones.com\/fr\/events\/fashion-espai-posat-de-moda\/\",\"name\":\"FASHION ESPAI - POSA'T DE MODA - Espai Giron\u00e8s\",\"isPartOf\":{\"@id\":\"https:\/\/www.espaigirones.com\/#website\"},\"primaryImageOfPage\":{\"@id\":\"https:\/\/www.espaigirones.com\/fr\/events\/fashion-espai-posat-de-moda\/#primaryimage\"},\"image\":{\"@id\":\"https:\/\/www.espaigirones.com\/fr\/events\/fashion-espai-posat-de-moda\/#primaryimage\"},\"thumbnailUrl\":\"https:\/\/www.espaigirones.com\/wp-content\/uploads\/sites\/11\/2024\/09\/BannerWeb-1920x910-1.jpg\",\"datePublished\":\"2024-10-08T12:00:05+00:00\",\"dateModified\":\"2024-10-09T11:35:43+00:00\",\"breadcrumb\":{\"@id\":\"https:\/\/www.espaigirones.com\/fr\/events\/fashion-espai-posat-de-moda\/#breadcrumb\"},\"inLanguage\":\"fr-FR\",\"potentialAction\":[{\"@type\":\"ReadAction\",\"target\":[\"https:\/\/www.espaigirones.com\/fr\/events\/fashion-espai-posat-de-moda\/\"]}]},{\"@type\":\"ImageObject\",\"inLanguage\":\"fr-FR\",\"@id\":\"https:\/\/www.espaigirones.com\/fr\/events\/fashion-espai-posat-de-moda\/#primaryimage\",\"url\":\"https:\/\/www.espaigirones.com\/wp-content\/uploads\/sites\/11\/2024\/09\/BannerWeb-1920x910-1.jpg\",\"contentUrl\":\"https:\/\/www.espaigirones.com\/wp-content\/uploads\/sites\/11\/2024\/09\/BannerWeb-1920x910-1.jpg\",\"width\":1920,\"height\":910},{\"@type\":\"BreadcrumbList\",\"@id\":\"https:\/\/www.espaigirones.com\/fr\/events\/fashion-espai-posat-de-moda\/#breadcrumb\",\"itemListElement\":[{\"@type\":\"ListItem\",\"position\":1,\"name\":\"Events\",\"item\":\"https:\/\/www.espaigirones.com\/events\/\"},{\"@type\":\"ListItem\",\"position\":2,\"name\":\"FASHION ESPAI &#8211; POSA&#8217;T DE MODA\"}]},{\"@type\":\"WebSite\",\"@id\":\"https:\/\/www.espaigirones.com\/#website\",\"url\":\"https:\/\/www.espaigirones.com\/\",\"name\":\"Espai Giron\u00e8s\",\"description\":\"\",\"potentialAction\":[{\"@type\":\"SearchAction\",\"target\":{\"@type\":\"EntryPoint\",\"urlTemplate\":\"https:\/\/www.espaigirones.com\/?s={search_term_string}\"},\"query-input\":\"required name=search_term_string\"}],\"inLanguage\":\"fr-FR\"}]}<\/script>\n<!-- \/ Yoast SEO plugin. -->","yoast_head_json":{"title":"FASHION ESPAI - POSA'T DE MODA - Espai Giron\u00e8s","robots":{"index":"index","follow":"follow","max-snippet":"max-snippet:-1","max-image-preview":"max-image-preview:large","max-video-preview":"max-video-preview:-1"},"canonical":"https:\/\/www.espaigirones.com\/fr\/events\/fashion-espai-posat-de-moda\/","og_locale":"fr_FR","og_type":"article","og_title":"FASHION ESPAI - POSA'T DE MODA - Espai Giron\u00e8s","og_description":"&nbsp; POSA&rsquo;T DE MODA Del 9 al 19 d&rsquo;Octubre, celebrem la Fashion Espai amb moltes activitats i tallers per fer la moda m\u00e9s teva. &nbsp; &nbsp; TALLERS GRATU\u00cfTS PER CREAR EL TEU ESTIL &nbsp; DISSENYA&rsquo;T UN LOOK EXCLUSIU: Participa en un dels millors tallers de personalitzaci\u00f3 de moda! Vine amb una pe\u00e7a de roba que [&hellip;]","og_url":"https:\/\/www.espaigirones.com\/fr\/events\/fashion-espai-posat-de-moda\/","og_site_name":"Espai Giron\u00e8s","article_modified_time":"2024-10-09T11:35:43+00:00","og_image":[{"width":1920,"height":910,"url":"https:\/\/www.espaigirones.com\/wp-content\/uploads\/sites\/11\/2024\/09\/BannerWeb-1920x910-1.jpg","type":"image\/jpeg"}],"twitter_card":"summary_large_image","twitter_misc":{"Dur\u00e9e de lecture estim\u00e9e":"3 minutes"},"schema":{"@context":"https:\/\/schema.org","@graph":[{"@type":"WebPage","@id":"https:\/\/www.espaigirones.com\/fr\/events\/fashion-espai-posat-de-moda\/","url":"https:\/\/www.espaigirones.com\/fr\/events\/fashion-espai-posat-de-moda\/","name":"FASHION ESPAI - POSA'T DE MODA - Espai Giron\u00e8s","isPartOf":{"@id":"https:\/\/www.espaigirones.com\/#website"},"primaryImageOfPage":{"@id":"https:\/\/www.espaigirones.com\/fr\/events\/fashion-espai-posat-de-moda\/#primaryimage"},"image":{"@id":"https:\/\/www.espaigirones.com\/fr\/events\/fashion-espai-posat-de-moda\/#primaryimage"},"thumbnailUrl":"https:\/\/www.espaigirones.com\/wp-content\/uploads\/sites\/11\/2024\/09\/BannerWeb-1920x910-1.jpg","datePublished":"2024-10-08T12:00:05+00:00","dateModified":"2024-10-09T11:35:43+00:00","breadcrumb":{"@id":"https:\/\/www.espaigirones.com\/fr\/events\/fashion-espai-posat-de-moda\/#breadcrumb"},"inLanguage":"fr-FR","potentialAction":[{"@type":"ReadAction","target":["https:\/\/www.espaigirones.com\/fr\/events\/fashion-espai-posat-de-moda\/"]}]},{"@type":"ImageObject","inLanguage":"fr-FR","@id":"https:\/\/www.espaigirones.com\/fr\/events\/fashion-espai-posat-de-moda\/#primaryimage","url":"https:\/\/www.espaigirones.com\/wp-content\/uploads\/sites\/11\/2024\/09\/BannerWeb-1920x910-1.jpg","contentUrl":"https:\/\/www.espaigirones.com\/wp-content\/uploads\/sites\/11\/2024\/09\/BannerWeb-1920x910-1.jpg","width":1920,"height":910},{"@type":"BreadcrumbList","@id":"https:\/\/www.espaigirones.com\/fr\/events\/fashion-espai-posat-de-moda\/#breadcrumb","itemListElement":[{"@type":"ListItem","position":1,"name":"Events","item":"https:\/\/www.espaigirones.com\/events\/"},{"@type":"ListItem","position":2,"name":"FASHION ESPAI &#8211; POSA&#8217;T DE MODA"}]},{"@type":"WebSite","@id":"https:\/\/www.espaigirones.com\/#website","url":"https:\/\/www.espaigirones.com\/","name":"Espai Giron\u00e8s","description":"","potentialAction":[{"@type":"SearchAction","target":{"@type":"EntryPoint","urlTemplate":"https:\/\/www.espaigirones.com\/?s={search_term_string}"},"query-input":"required name=search_term_string"}],"inLanguage":"fr-FR"}]}},"_links":{"self":[{"href":"https:\/\/www.espaigirones.com\/fr\/wp-json\/wp\/v2\/events\/33983","targetHints":{"allow":["GET"]}}],"collection":[{"href":"https:\/\/www.espaigirones.com\/fr\/wp-json\/wp\/v2\/events"}],"about":[{"href":"https:\/\/www.espaigirones.com\/fr\/wp-json\/wp\/v2\/types\/events"}],"wp:featuredmedia":[{"embeddable":true,"href":"https:\/\/www.espaigirones.com\/fr\/wp-json\/wp\/v2\/media\/33924"}],"wp:attachment":[{"href":"https:\/\/www.espaigirones.com\/fr\/wp-json\/wp\/v2\/media?parent=33983"}],"curies":[{"name":"wp","href":"https:\/\/api.w.org\/{rel}","templated":true}]}}