{"id":35091,"date":"2024-12-02T15:00:34","date_gmt":"2024-12-02T15:00:34","guid":{"rendered":"https:\/\/www.espaigirones.com\/?post_type=events&#038;p=35091"},"modified":"2024-12-03T08:08:59","modified_gmt":"2024-12-03T08:08:59","slug":"omplim-lespai-de-mans-solidaries","status":"publish","type":"events","link":"https:\/\/www.espaigirones.com\/fr\/events\/omplim-lespai-de-mans-solidaries\/","title":{"rendered":"OMPLIM L&rsquo;ESPAI DE MANS SOLID\u00c0RIES"},"content":{"rendered":"<p>&nbsp;<\/p>\n<p><strong>OMPLIM L&rsquo;ESPAI DE MANS SOLID\u00c0RIES<\/strong><\/p>\n<p>Aquestes festes et convidem a descobrir el conte de Nadal solidari de l&rsquo;Espai Giron\u00e8s!<\/p>\n<p>Visita el llibre gegant de la zona de restauraci\u00f3 per con\u00e8ixer una fant\u00e0stica hist\u00f2ria de solidaritat i ajuda&rsquo;ns a completar-la deixant la teva empremta \ud83d\udd90<\/p>\n<p>&nbsp;<\/p>\n<p><strong>EL PADR\u00cd\u00a0<\/strong><\/p>\n<p>Amb l&rsquo;apadrinament de <strong>Mart\u00ed Gironell\u00a0<\/strong><\/p>\n<p>\u00a0\u00bb Entenc la solidaritat com aquell sentiment de generositat que ens connecta amb l\u2019altre i l\u2019altre ens fa millors persones\u201d<\/p>\n<p>&nbsp;<\/p>\n<p><strong>LA TEVA M\u00c0 \u00c9S M\u00c0GICA<\/strong><\/p>\n<p>El conte de l&rsquo;Espai \u00e9s infinit i el podem omplir entre tots.<\/p>\n<p>Vine a dibuixar la teva m\u00e0 i ens ajudar\u00e0s a fer realitat una bonica hist\u00f2ria per millorar el benestar dels nens i nenes ingressats als hospitals Josep Trueta de Girona i Santa Caterina de salt.<\/p>\n<p><strong>COM M\u00c9S MANS M\u00c9S GRAN SER\u00c0 EL DONATIU !<\/strong><\/p>\n<p>&nbsp;<\/p>\n<p>A la zona de restauraci\u00f3:<\/p>\n<p>\ud83d\udcc6 3, 4, 5, 9, 10, 11, 12, 13, 16, 17, 18, 19, 20 de desembre de 16h a 20h.<\/p>\n<p>\ud83d\udcc6 6, 7, 8, 14, 15, 21, 22, 23, 27, 28, 29, 30, de desembre i 2, 3, 4 de gener d&rsquo;11:30h a 13.30h i de 16h a 20h.<\/p>\n<p>\ud83d\udcc6 24 i 31 de desembre i 5 de gener d&rsquo;11:30h a 13:30h.<\/p>\n<p>&nbsp;<\/p>\n<p><strong>LA RUA DELS FOLLETS<\/strong><\/p>\n<p>Personatges del conte es passejaran per l\u2019Espai Giron\u00e8s al ritme de la m\u00fasica per fer passar una bona estona a grans i petits<\/p>\n<p>\ud83d\udcc6 12 i 18 de desembre de 17:30h a 19:30h.<\/p>\n<p>&nbsp;<\/p>\n<p><strong>CONTACONTES<\/strong><\/p>\n<p>Al costat del llibre gegant farem rondalles per explicar-vos aquesta i moltes altres hist\u00f2ries per als m\u00e9s petits!<\/p>\n<p><strong>Activitat infantil d&rsquo;acc\u00e9s lliure<\/strong><\/p>\n<p>&nbsp;<\/p>\n<p><strong>L&rsquo;arbre de sucre<\/strong> &#8211; Ada Cusid\u00f3<\/p>\n<p>Un conte molt dol\u00e7 que passar\u00e0 per les diferents estacions de l\u2019any a trav\u00e9s d\u2019hist\u00f2ries i can\u00e7ons.<\/p>\n<p>\ud83d\udcc6 6 de desembre a les 11:30h a 12:30h<\/p>\n<p>&nbsp;<\/p>\n<p><strong>L&rsquo;Home Pal<\/strong> &#8211; Laura Asensio<\/p>\n<p>L\u2019aventura de l\u2019Home Pal que el porta lluny de casa fins que aconsegueix tornar en un dia molt especial.<\/p>\n<p>\ud83d\udcc6 27 de desembre a les 16:30h i 17:30h<\/p>\n<p>&nbsp;<\/p>\n<p><strong>La Maleta del Nadal<\/strong> &#8211; Gisela Llimona<\/p>\n<p>Una maleta plena de contes divertits relacionats amb l\u2019hivern i les festes nadalenques, can\u00e7ons i poemes.<\/p>\n<p>\ud83d\udcc6 3 de gener d&rsquo;11:30h i 12:30h<\/p>\n<p>&nbsp;<\/p>\n<p><strong>FEM COSTATS ELS INFANTS HOSPITALITZATS<\/strong><\/p>\n<p>La donaci\u00f3 de l\u2019Espai Giron\u00e8s i les aportacions volunt\u00e0ries que es recaptin al centre es destinaran \u00edntegrament als projectes de millora de l\u2019\u00e0rea pedi\u00e0trica dels hospitals<br \/>\nJosep Trueta de Girona i Santa Caterina de Salt.<\/p>\n<p>&nbsp;<\/p>\n<p>Si tu tamb\u00e9 hi vols col\u00b7laborar, pots fer el teu donatiu voluntari a l&rsquo;urna que trobar\u00e0s al costat del conte solidari o en aquest enlla\u00e7: <a href=\"https:\/\/trueta.helpbysc.com\/espai-girones\">https:\/\/trueta.helpbysc.com\/espai-girones<\/a><\/p>\n<p>&nbsp;<\/p>\n<p>ALTRES ACTIVITATS:<\/p>\n<p>&nbsp;<\/p>\n<p><strong>TI\u00d3 DE NADAL \ud83c\udf81<\/strong><\/p>\n<p>\ud83d\udcc6 6, 7, 8, 14, 15, 21, 22 i 23 de desembre d&rsquo;11.30h a 13:30h i de 17:30h a 19:30h<\/p>\n<p>\ud83d\udcc6 9, 10, 11, 12, 13, 16, 17, 18, 19 i 20 de desembre de 17:30h a 19:30h<\/p>\n<p>\ud83d\udcc6 24 de desembre d&rsquo;11:30h a 13:30h<\/p>\n<p>&nbsp;<\/p>\n<p><strong>PATGE REIAL \ud83d\udc51<\/strong><\/p>\n<p>\ud83d\udcc6 27, 28, 29 i 30 de desembre i 2, 3, 4 de gener d&rsquo;11:30h a 13:30h i de 17:30h a 20h<\/p>\n<p>\ud83d\udcc6 31 de desembre i 5 de gener d&rsquo;11:30h a 14h<\/p>\n<p>&nbsp;<\/p>\n<p><strong>DONA SANG! \ud83e\ude78\u00a0<\/strong><\/p>\n<p>\ud83d\udcc6 27 de desembre de 10h a 14h i de 16h a 20h<\/p>\n<p>\ud83d\udc49 Bus al p\u00e0rquing exterior<\/p>\n<p>&nbsp;<\/p>\n<p><strong>\u00a0<\/strong><\/p>\n<p>&nbsp;<\/p>\n","protected":false},"featured_media":35098,"template":"","class_list":["post-35091","events","type-events","status-publish","has-post-thumbnail","hentry"],"yoast_head":"<!-- This site is optimized with the Yoast SEO plugin v22.2 - https:\/\/yoast.com\/wordpress\/plugins\/seo\/ -->\n<title>OMPLIM L&#039;ESPAI DE MANS SOLID\u00c0RIES - Espai Giron\u00e8s<\/title>\n<meta name=\"robots\" content=\"index, follow, max-snippet:-1, max-image-preview:large, max-video-preview:-1\" \/>\n<link rel=\"canonical\" href=\"https:\/\/www.espaigirones.com\/fr\/events\/omplim-lespai-de-mans-solidaries\/\" \/>\n<meta property=\"og:locale\" content=\"fr_FR\" \/>\n<meta property=\"og:type\" content=\"article\" \/>\n<meta property=\"og:title\" content=\"OMPLIM L&#039;ESPAI DE MANS SOLID\u00c0RIES - Espai Giron\u00e8s\" \/>\n<meta property=\"og:description\" content=\"&nbsp; OMPLIM L&rsquo;ESPAI DE MANS SOLID\u00c0RIES Aquestes festes et convidem a descobrir el conte de Nadal solidari de l&rsquo;Espai Giron\u00e8s! Visita el llibre gegant de la zona de restauraci\u00f3 per con\u00e8ixer una fant\u00e0stica hist\u00f2ria de solidaritat i ajuda&rsquo;ns a completar-la deixant la teva empremta \ud83d\udd90 &nbsp; EL PADR\u00cd\u00a0 Amb l&rsquo;apadrinament de Mart\u00ed Gironell\u00a0 \u00a0\u00bb Entenc [&hellip;]\" \/>\n<meta property=\"og:url\" content=\"https:\/\/www.espaigirones.com\/fr\/events\/omplim-lespai-de-mans-solidaries\/\" \/>\n<meta property=\"og:site_name\" content=\"Espai Giron\u00e8s\" \/>\n<meta property=\"article:modified_time\" content=\"2024-12-03T08:08:59+00:00\" \/>\n<meta property=\"og:image\" content=\"https:\/\/www.espaigirones.com\/wp-content\/uploads\/sites\/11\/2024\/12\/Post.jpg\" \/>\n\t<meta property=\"og:image:width\" content=\"1100\" \/>\n\t<meta property=\"og:image:height\" content=\"1100\" \/>\n\t<meta property=\"og:image:type\" content=\"image\/jpeg\" \/>\n<meta name=\"twitter:card\" content=\"summary_large_image\" \/>\n<meta name=\"twitter:label1\" content=\"Dur\u00e9e de lecture estim\u00e9e\" \/>\n\t<meta name=\"twitter:data1\" content=\"3 minutes\" \/>\n<script type=\"application\/ld+json\" class=\"yoast-schema-graph\">{\"@context\":\"https:\/\/schema.org\",\"@graph\":[{\"@type\":\"WebPage\",\"@id\":\"https:\/\/www.espaigirones.com\/fr\/events\/omplim-lespai-de-mans-solidaries\/\",\"url\":\"https:\/\/www.espaigirones.com\/fr\/events\/omplim-lespai-de-mans-solidaries\/\",\"name\":\"OMPLIM L'ESPAI DE MANS SOLID\u00c0RIES - Espai Giron\u00e8s\",\"isPartOf\":{\"@id\":\"https:\/\/www.espaigirones.com\/#website\"},\"primaryImageOfPage\":{\"@id\":\"https:\/\/www.espaigirones.com\/fr\/events\/omplim-lespai-de-mans-solidaries\/#primaryimage\"},\"image\":{\"@id\":\"https:\/\/www.espaigirones.com\/fr\/events\/omplim-lespai-de-mans-solidaries\/#primaryimage\"},\"thumbnailUrl\":\"https:\/\/www.espaigirones.com\/wp-content\/uploads\/sites\/11\/2024\/12\/BannerWeb-1920x910-1-e1733213407174.jpg\",\"datePublished\":\"2024-12-02T15:00:34+00:00\",\"dateModified\":\"2024-12-03T08:08:59+00:00\",\"breadcrumb\":{\"@id\":\"https:\/\/www.espaigirones.com\/fr\/events\/omplim-lespai-de-mans-solidaries\/#breadcrumb\"},\"inLanguage\":\"fr-FR\",\"potentialAction\":[{\"@type\":\"ReadAction\",\"target\":[\"https:\/\/www.espaigirones.com\/fr\/events\/omplim-lespai-de-mans-solidaries\/\"]}]},{\"@type\":\"ImageObject\",\"inLanguage\":\"fr-FR\",\"@id\":\"https:\/\/www.espaigirones.com\/fr\/events\/omplim-lespai-de-mans-solidaries\/#primaryimage\",\"url\":\"https:\/\/www.espaigirones.com\/wp-content\/uploads\/sites\/11\/2024\/12\/BannerWeb-1920x910-1-e1733213407174.jpg\",\"contentUrl\":\"https:\/\/www.espaigirones.com\/wp-content\/uploads\/sites\/11\/2024\/12\/BannerWeb-1920x910-1-e1733213407174.jpg\",\"width\":1920,\"height\":910},{\"@type\":\"BreadcrumbList\",\"@id\":\"https:\/\/www.espaigirones.com\/fr\/events\/omplim-lespai-de-mans-solidaries\/#breadcrumb\",\"itemListElement\":[{\"@type\":\"ListItem\",\"position\":1,\"name\":\"Events\",\"item\":\"https:\/\/www.espaigirones.com\/events\/\"},{\"@type\":\"ListItem\",\"position\":2,\"name\":\"OMPLIM L&#8217;ESPAI DE MANS SOLID\u00c0RIES\"}]},{\"@type\":\"WebSite\",\"@id\":\"https:\/\/www.espaigirones.com\/#website\",\"url\":\"https:\/\/www.espaigirones.com\/\",\"name\":\"Espai Giron\u00e8s\",\"description\":\"\",\"potentialAction\":[{\"@type\":\"SearchAction\",\"target\":{\"@type\":\"EntryPoint\",\"urlTemplate\":\"https:\/\/www.espaigirones.com\/?s={search_term_string}\"},\"query-input\":\"required name=search_term_string\"}],\"inLanguage\":\"fr-FR\"}]}<\/script>\n<!-- \/ Yoast SEO plugin. -->","yoast_head_json":{"title":"OMPLIM L'ESPAI DE MANS SOLID\u00c0RIES - Espai Giron\u00e8s","robots":{"index":"index","follow":"follow","max-snippet":"max-snippet:-1","max-image-preview":"max-image-preview:large","max-video-preview":"max-video-preview:-1"},"canonical":"https:\/\/www.espaigirones.com\/fr\/events\/omplim-lespai-de-mans-solidaries\/","og_locale":"fr_FR","og_type":"article","og_title":"OMPLIM L'ESPAI DE MANS SOLID\u00c0RIES - Espai Giron\u00e8s","og_description":"&nbsp; OMPLIM L&rsquo;ESPAI DE MANS SOLID\u00c0RIES Aquestes festes et convidem a descobrir el conte de Nadal solidari de l&rsquo;Espai Giron\u00e8s! Visita el llibre gegant de la zona de restauraci\u00f3 per con\u00e8ixer una fant\u00e0stica hist\u00f2ria de solidaritat i ajuda&rsquo;ns a completar-la deixant la teva empremta \ud83d\udd90 &nbsp; EL PADR\u00cd\u00a0 Amb l&rsquo;apadrinament de Mart\u00ed Gironell\u00a0 \u00a0\u00bb Entenc [&hellip;]","og_url":"https:\/\/www.espaigirones.com\/fr\/events\/omplim-lespai-de-mans-solidaries\/","og_site_name":"Espai Giron\u00e8s","article_modified_time":"2024-12-03T08:08:59+00:00","og_image":[{"width":1100,"height":1100,"url":"https:\/\/www.espaigirones.com\/wp-content\/uploads\/sites\/11\/2024\/12\/Post.jpg","type":"image\/jpeg"}],"twitter_card":"summary_large_image","twitter_misc":{"Dur\u00e9e de lecture estim\u00e9e":"3 minutes"},"schema":{"@context":"https:\/\/schema.org","@graph":[{"@type":"WebPage","@id":"https:\/\/www.espaigirones.com\/fr\/events\/omplim-lespai-de-mans-solidaries\/","url":"https:\/\/www.espaigirones.com\/fr\/events\/omplim-lespai-de-mans-solidaries\/","name":"OMPLIM L'ESPAI DE MANS SOLID\u00c0RIES - Espai Giron\u00e8s","isPartOf":{"@id":"https:\/\/www.espaigirones.com\/#website"},"primaryImageOfPage":{"@id":"https:\/\/www.espaigirones.com\/fr\/events\/omplim-lespai-de-mans-solidaries\/#primaryimage"},"image":{"@id":"https:\/\/www.espaigirones.com\/fr\/events\/omplim-lespai-de-mans-solidaries\/#primaryimage"},"thumbnailUrl":"https:\/\/www.espaigirones.com\/wp-content\/uploads\/sites\/11\/2024\/12\/BannerWeb-1920x910-1-e1733213407174.jpg","datePublished":"2024-12-02T15:00:34+00:00","dateModified":"2024-12-03T08:08:59+00:00","breadcrumb":{"@id":"https:\/\/www.espaigirones.com\/fr\/events\/omplim-lespai-de-mans-solidaries\/#breadcrumb"},"inLanguage":"fr-FR","potentialAction":[{"@type":"ReadAction","target":["https:\/\/www.espaigirones.com\/fr\/events\/omplim-lespai-de-mans-solidaries\/"]}]},{"@type":"ImageObject","inLanguage":"fr-FR","@id":"https:\/\/www.espaigirones.com\/fr\/events\/omplim-lespai-de-mans-solidaries\/#primaryimage","url":"https:\/\/www.espaigirones.com\/wp-content\/uploads\/sites\/11\/2024\/12\/BannerWeb-1920x910-1-e1733213407174.jpg","contentUrl":"https:\/\/www.espaigirones.com\/wp-content\/uploads\/sites\/11\/2024\/12\/BannerWeb-1920x910-1-e1733213407174.jpg","width":1920,"height":910},{"@type":"BreadcrumbList","@id":"https:\/\/www.espaigirones.com\/fr\/events\/omplim-lespai-de-mans-solidaries\/#breadcrumb","itemListElement":[{"@type":"ListItem","position":1,"name":"Events","item":"https:\/\/www.espaigirones.com\/events\/"},{"@type":"ListItem","position":2,"name":"OMPLIM L&#8217;ESPAI DE MANS SOLID\u00c0RIES"}]},{"@type":"WebSite","@id":"https:\/\/www.espaigirones.com\/#website","url":"https:\/\/www.espaigirones.com\/","name":"Espai Giron\u00e8s","description":"","potentialAction":[{"@type":"SearchAction","target":{"@type":"EntryPoint","urlTemplate":"https:\/\/www.espaigirones.com\/?s={search_term_string}"},"query-input":"required name=search_term_string"}],"inLanguage":"fr-FR"}]}},"_links":{"self":[{"href":"https:\/\/www.espaigirones.com\/fr\/wp-json\/wp\/v2\/events\/35091","targetHints":{"allow":["GET"]}}],"collection":[{"href":"https:\/\/www.espaigirones.com\/fr\/wp-json\/wp\/v2\/events"}],"about":[{"href":"https:\/\/www.espaigirones.com\/fr\/wp-json\/wp\/v2\/types\/events"}],"wp:featuredmedia":[{"embeddable":true,"href":"https:\/\/www.espaigirones.com\/fr\/wp-json\/wp\/v2\/media\/35098"}],"wp:attachment":[{"href":"https:\/\/www.espaigirones.com\/fr\/wp-json\/wp\/v2\/media?parent=35091"}],"curies":[{"name":"wp","href":"https:\/\/api.w.org\/{rel}","templated":true}]}}