{"id":41487,"date":"2026-09-03T08:08:08","date_gmt":"2026-09-03T08:08:08","guid":{"rendered":"https:\/\/www.espaigirones.com\/?post_type=events&#038;p=41487"},"modified":"2026-09-03T08:08:08","modified_gmt":"2026-09-03T08:08:08","slug":"la-haute-saison-vous-attend-a-espai-girones","status":"publish","type":"events","link":"https:\/\/www.espaigirones.com\/fr\/events\/la-haute-saison-vous-attend-a-espai-girones\/","title":{"rendered":"LA HAUTE SAISON VOUS ATTEND \u00c0 ESPAI GIRON\u00c8S!"},"content":{"rendered":"<p>\ud83c\udfad \u00a1<strong>Temporada Alta \u00e0 l&rsquo;Espai Giron\u00e8s!<\/strong> \ud83c\udf89<\/p>\n<p>&nbsp;<\/p>\n<p>Ce samedi 5 septembre, rendez-vous au point de vente de <strong>Temporada Alta<\/strong> situ\u00e9 \u00e0 l&rsquo;entr\u00e9e principale de l&rsquo;Espai Giron\u00e8s!\ud83d\udd5a <strong>De 11 h \u00e0 14 h et de 16 h \u00e0 19 h<\/strong>:<\/p>\n<p>\ud83d\udd39<strong>20% de r\u00e9duction<\/strong> sur les billets pour tous les spectacles de Temporada Alta.<br \/>\n\ud83d\udd39<strong>30 % de r\u00e9duction<\/strong> sur la com\u00e9die musicale familiale \u00ab\u00a0<strong>El fil invisible\u00a0\u00bb<\/strong>, spectacle parrain\u00e9 par Espai Giron\u00e8s.<\/p>\n<p>De plus, tout au long de la journ\u00e9e, des<strong> tirages<\/strong> au sort et des <strong>promotions<\/strong> seront organis\u00e9s pour toutes les personnes qui se rendront au point de vente de Temporada Alta.\ud83c\udf81<\/p>\n<p>&nbsp;<\/p>\n<p>Ne manquez pas cette occasion unique de profiter du meilleur de la culture avec des r\u00e9ductions incroyables!<\/p>\n<p>&nbsp;<\/p>\n<p><strong>Nous vous attendons!\ud83e\udd17<\/strong><\/p>\n","protected":false},"featured_media":41478,"template":"","class_list":["post-41487","events","type-events","status-publish","has-post-thumbnail","hentry"],"yoast_head":"<!-- This site is optimized with the Yoast SEO plugin v22.2 - https:\/\/yoast.com\/wordpress\/plugins\/seo\/ -->\n<title>LA HAUTE SAISON VOUS ATTEND \u00c0 ESPAI GIRON\u00c8S! - Espai Giron\u00e8s<\/title>\n<meta name=\"robots\" content=\"index, follow, max-snippet:-1, max-image-preview:large, max-video-preview:-1\" \/>\n<link rel=\"canonical\" href=\"https:\/\/www.espaigirones.com\/fr\/events\/la-haute-saison-vous-attend-a-espai-girones\/\" \/>\n<meta property=\"og:locale\" content=\"fr_FR\" \/>\n<meta property=\"og:type\" content=\"article\" \/>\n<meta property=\"og:title\" content=\"LA HAUTE SAISON VOUS ATTEND \u00c0 ESPAI GIRON\u00c8S! - Espai Giron\u00e8s\" \/>\n<meta property=\"og:description\" content=\"\ud83c\udfad \u00a1Temporada Alta \u00e0 l&rsquo;Espai Giron\u00e8s! \ud83c\udf89 &nbsp; Ce samedi 5 septembre, rendez-vous au point de vente de Temporada Alta situ\u00e9 \u00e0 l&rsquo;entr\u00e9e principale de l&rsquo;Espai Giron\u00e8s!\ud83d\udd5a De 11 h \u00e0 14 h et de 16 h \u00e0 19 h: \ud83d\udd3920% de r\u00e9duction sur les billets pour tous les spectacles de Temporada Alta. \ud83d\udd3930 % [&hellip;]\" \/>\n<meta property=\"og:url\" content=\"https:\/\/www.espaigirones.com\/fr\/events\/la-haute-saison-vous-attend-a-espai-girones\/\" \/>\n<meta property=\"og:site_name\" content=\"Espai Giron\u00e8s\" \/>\n<meta property=\"og:image\" content=\"https:\/\/www.espaigirones.com\/wp-content\/uploads\/sites\/11\/2026\/09\/featured-image-esdeveniments-web-temporada-alta.png\" \/>\n\t<meta property=\"og:image:width\" content=\"2560\" \/>\n\t<meta property=\"og:image:height\" content=\"1468\" \/>\n\t<meta property=\"og:image:type\" content=\"image\/png\" \/>\n<meta name=\"twitter:card\" content=\"summary_large_image\" \/>\n<meta name=\"twitter:label1\" content=\"Dur\u00e9e de lecture estim\u00e9e\" \/>\n\t<meta name=\"twitter:data1\" content=\"1 minute\" \/>\n<script type=\"application\/ld+json\" class=\"yoast-schema-graph\">{\"@context\":\"https:\/\/schema.org\",\"@graph\":[{\"@type\":\"WebPage\",\"@id\":\"https:\/\/www.espaigirones.com\/fr\/events\/la-haute-saison-vous-attend-a-espai-girones\/\",\"url\":\"https:\/\/www.espaigirones.com\/fr\/events\/la-haute-saison-vous-attend-a-espai-girones\/\",\"name\":\"LA HAUTE SAISON VOUS ATTEND \u00c0 ESPAI GIRON\u00c8S! - Espai Giron\u00e8s\",\"isPartOf\":{\"@id\":\"https:\/\/www.espaigirones.com\/#website\"},\"primaryImageOfPage\":{\"@id\":\"https:\/\/www.espaigirones.com\/fr\/events\/la-haute-saison-vous-attend-a-espai-girones\/#primaryimage\"},\"image\":{\"@id\":\"https:\/\/www.espaigirones.com\/fr\/events\/la-haute-saison-vous-attend-a-espai-girones\/#primaryimage\"},\"thumbnailUrl\":\"https:\/\/www.espaigirones.com\/wp-content\/uploads\/sites\/11\/2026\/09\/featured-image-esdeveniments-web-temporada-alta.png\",\"datePublished\":\"2026-09-03T08:08:08+00:00\",\"dateModified\":\"2026-09-03T08:08:08+00:00\",\"breadcrumb\":{\"@id\":\"https:\/\/www.espaigirones.com\/fr\/events\/la-haute-saison-vous-attend-a-espai-girones\/#breadcrumb\"},\"inLanguage\":\"fr-FR\",\"potentialAction\":[{\"@type\":\"ReadAction\",\"target\":[\"https:\/\/www.espaigirones.com\/fr\/events\/la-haute-saison-vous-attend-a-espai-girones\/\"]}]},{\"@type\":\"ImageObject\",\"inLanguage\":\"fr-FR\",\"@id\":\"https:\/\/www.espaigirones.com\/fr\/events\/la-haute-saison-vous-attend-a-espai-girones\/#primaryimage\",\"url\":\"https:\/\/www.espaigirones.com\/wp-content\/uploads\/sites\/11\/2026\/09\/featured-image-esdeveniments-web-temporada-alta.png\",\"contentUrl\":\"https:\/\/www.espaigirones.com\/wp-content\/uploads\/sites\/11\/2026\/09\/featured-image-esdeveniments-web-temporada-alta.png\",\"width\":2560,\"height\":1468},{\"@type\":\"BreadcrumbList\",\"@id\":\"https:\/\/www.espaigirones.com\/fr\/events\/la-haute-saison-vous-attend-a-espai-girones\/#breadcrumb\",\"itemListElement\":[{\"@type\":\"ListItem\",\"position\":1,\"name\":\"Events\",\"item\":\"https:\/\/www.espaigirones.com\/events\/\"},{\"@type\":\"ListItem\",\"position\":2,\"name\":\"LA HAUTE SAISON VOUS ATTEND \u00c0 ESPAI GIRON\u00c8S!\"}]},{\"@type\":\"WebSite\",\"@id\":\"https:\/\/www.espaigirones.com\/#website\",\"url\":\"https:\/\/www.espaigirones.com\/\",\"name\":\"Espai Giron\u00e8s\",\"description\":\"\",\"potentialAction\":[{\"@type\":\"SearchAction\",\"target\":{\"@type\":\"EntryPoint\",\"urlTemplate\":\"https:\/\/www.espaigirones.com\/?s={search_term_string}\"},\"query-input\":\"required name=search_term_string\"}],\"inLanguage\":\"fr-FR\"}]}<\/script>\n<!-- \/ Yoast SEO plugin. -->","yoast_head_json":{"title":"LA HAUTE SAISON VOUS ATTEND \u00c0 ESPAI GIRON\u00c8S! - Espai Giron\u00e8s","robots":{"index":"index","follow":"follow","max-snippet":"max-snippet:-1","max-image-preview":"max-image-preview:large","max-video-preview":"max-video-preview:-1"},"canonical":"https:\/\/www.espaigirones.com\/fr\/events\/la-haute-saison-vous-attend-a-espai-girones\/","og_locale":"fr_FR","og_type":"article","og_title":"LA HAUTE SAISON VOUS ATTEND \u00c0 ESPAI GIRON\u00c8S! - Espai Giron\u00e8s","og_description":"\ud83c\udfad \u00a1Temporada Alta \u00e0 l&rsquo;Espai Giron\u00e8s! \ud83c\udf89 &nbsp; Ce samedi 5 septembre, rendez-vous au point de vente de Temporada Alta situ\u00e9 \u00e0 l&rsquo;entr\u00e9e principale de l&rsquo;Espai Giron\u00e8s!\ud83d\udd5a De 11 h \u00e0 14 h et de 16 h \u00e0 19 h: \ud83d\udd3920% de r\u00e9duction sur les billets pour tous les spectacles de Temporada Alta. \ud83d\udd3930 % [&hellip;]","og_url":"https:\/\/www.espaigirones.com\/fr\/events\/la-haute-saison-vous-attend-a-espai-girones\/","og_site_name":"Espai Giron\u00e8s","og_image":[{"width":2560,"height":1468,"url":"https:\/\/www.espaigirones.com\/wp-content\/uploads\/sites\/11\/2026\/09\/featured-image-esdeveniments-web-temporada-alta.png","type":"image\/png"}],"twitter_card":"summary_large_image","twitter_misc":{"Dur\u00e9e de lecture estim\u00e9e":"1 minute"},"schema":{"@context":"https:\/\/schema.org","@graph":[{"@type":"WebPage","@id":"https:\/\/www.espaigirones.com\/fr\/events\/la-haute-saison-vous-attend-a-espai-girones\/","url":"https:\/\/www.espaigirones.com\/fr\/events\/la-haute-saison-vous-attend-a-espai-girones\/","name":"LA HAUTE SAISON VOUS ATTEND \u00c0 ESPAI GIRON\u00c8S! - Espai Giron\u00e8s","isPartOf":{"@id":"https:\/\/www.espaigirones.com\/#website"},"primaryImageOfPage":{"@id":"https:\/\/www.espaigirones.com\/fr\/events\/la-haute-saison-vous-attend-a-espai-girones\/#primaryimage"},"image":{"@id":"https:\/\/www.espaigirones.com\/fr\/events\/la-haute-saison-vous-attend-a-espai-girones\/#primaryimage"},"thumbnailUrl":"https:\/\/www.espaigirones.com\/wp-content\/uploads\/sites\/11\/2026\/09\/featured-image-esdeveniments-web-temporada-alta.png","datePublished":"2026-09-03T08:08:08+00:00","dateModified":"2026-09-03T08:08:08+00:00","breadcrumb":{"@id":"https:\/\/www.espaigirones.com\/fr\/events\/la-haute-saison-vous-attend-a-espai-girones\/#breadcrumb"},"inLanguage":"fr-FR","potentialAction":[{"@type":"ReadAction","target":["https:\/\/www.espaigirones.com\/fr\/events\/la-haute-saison-vous-attend-a-espai-girones\/"]}]},{"@type":"ImageObject","inLanguage":"fr-FR","@id":"https:\/\/www.espaigirones.com\/fr\/events\/la-haute-saison-vous-attend-a-espai-girones\/#primaryimage","url":"https:\/\/www.espaigirones.com\/wp-content\/uploads\/sites\/11\/2026\/09\/featured-image-esdeveniments-web-temporada-alta.png","contentUrl":"https:\/\/www.espaigirones.com\/wp-content\/uploads\/sites\/11\/2026\/09\/featured-image-esdeveniments-web-temporada-alta.png","width":2560,"height":1468},{"@type":"BreadcrumbList","@id":"https:\/\/www.espaigirones.com\/fr\/events\/la-haute-saison-vous-attend-a-espai-girones\/#breadcrumb","itemListElement":[{"@type":"ListItem","position":1,"name":"Events","item":"https:\/\/www.espaigirones.com\/events\/"},{"@type":"ListItem","position":2,"name":"LA HAUTE SAISON VOUS ATTEND \u00c0 ESPAI GIRON\u00c8S!"}]},{"@type":"WebSite","@id":"https:\/\/www.espaigirones.com\/#website","url":"https:\/\/www.espaigirones.com\/","name":"Espai Giron\u00e8s","description":"","potentialAction":[{"@type":"SearchAction","target":{"@type":"EntryPoint","urlTemplate":"https:\/\/www.espaigirones.com\/?s={search_term_string}"},"query-input":"required name=search_term_string"}],"inLanguage":"fr-FR"}]}},"_links":{"self":[{"href":"https:\/\/www.espaigirones.com\/fr\/wp-json\/wp\/v2\/events\/41487","targetHints":{"allow":["GET"]}}],"collection":[{"href":"https:\/\/www.espaigirones.com\/fr\/wp-json\/wp\/v2\/events"}],"about":[{"href":"https:\/\/www.espaigirones.com\/fr\/wp-json\/wp\/v2\/types\/events"}],"wp:featuredmedia":[{"embeddable":true,"href":"https:\/\/www.espaigirones.com\/fr\/wp-json\/wp\/v2\/media\/41478"}],"wp:attachment":[{"href":"https:\/\/www.espaigirones.com\/fr\/wp-json\/wp\/v2\/media?parent=41487"}],"curies":[{"name":"wp","href":"https:\/\/api.w.org\/{rel}","templated":true}]}}